{"id":734,"date":"2021-02-23T16:35:57","date_gmt":"2021-02-23T15:35:57","guid":{"rendered":"https:\/\/p-gccz55.project.space\/?page_id=734"},"modified":"2026-01-08T09:43:23","modified_gmt":"2026-01-08T08:43:23","slug":"nachhaltigkeit-und-verantwortung","status":"publish","type":"page","link":"https:\/\/www.vanwylick.de\/de\/nachhaltigkeit-und-verantwortung\/","title":{"rendered":"Nachhaltigkeit und Verantwortung"},"content":{"rendered":"\t\t<div data-elementor-type=\"wp-page\" data-elementor-id=\"734\" class=\"elementor elementor-734\" data-elementor-post-type=\"page\">\n\t\t\t\t\t\t<section data-url=\"https:\/\/www.vanwylick.de\/wp-content\/uploads\/\" data-image-src-thumbnail=\"mago_header-150x100.jpg?v=1614095067\" data-image-src-2x-thumbnail=\"mago_header.jpg?v=1614095067\" data-image-src-medium=\"mago_header-480x320.jpg?v=1614095067\" data-image-src-2x-medium=\"mago_header.jpg?v=1614095067\" data-image-src-medium_large=\"mago_header-768x512.jpg?v=1614095067\" data-image-src-2x-medium_large=\"mago_header.jpg?v=1614095067\" data-image-src-large=\"mago_header-1140x760.jpg?v=1614095067\" data-image-src-2x-large=\"mago_header.jpg?v=1614095067\" data-image-src-extra_large=\"mago_header.jpg?v=1614095067\" data-image-src-2x-extra_large=\"mago_header.jpg?v=1614095067\" data-image-src-maximum=\"mago_header.jpg?v=1614095067\" data-image-src-2x-maximum=\"mago_header.jpg?v=1614095067\" class=\"beau3-has-background-image elementor-section elementor-top-section elementor-element elementor-element-09a1473 elementor-section-full_width elementor-section-stretched elementor-section-height-default elementor-section-height-default\" data-id=\"09a1473\" data-element_type=\"section\" data-settings=\"{&quot;stretch_section&quot;:&quot;section-stretched&quot;,&quot;background_background&quot;:&quot;classic&quot;,&quot;shape_divider_bottom&quot;:&quot;waves&quot;}\">\n\t\t\t\t\t<div class=\"elementor-shape elementor-shape-bottom\" aria-hidden=\"true\" data-negative=\"false\">\n\t\t\t<svg xmlns=\"http:\/\/www.w3.org\/2000\/svg\" viewBox=\"0 0 1000 100\" preserveAspectRatio=\"none\">\n\t<path class=\"elementor-shape-fill\" d=\"M421.9,6.5c22.6-2.5,51.5,0.4,75.5,5.3c23.6,4.9,70.9,23.5,100.5,35.7c75.8,32.2,133.7,44.5,192.6,49.7\n\tc23.6,2.1,48.7,3.5,103.4-2.5c54.7-6,106.2-25.6,106.2-25.6V0H0v30.3c0,0,72,32.6,158.4,30.5c39.2-0.7,92.8-6.7,134-22.4\n\tc21.2-8.1,52.2-18.2,79.7-24.2C399.3,7.9,411.6,7.5,421.9,6.5z\"\/>\n<\/svg>\t\t<\/div>\n\t\t\t\t\t<div class=\"elementor-container elementor-column-gap-default\">\n\t\t\t\t\t<div class=\"elementor-column elementor-col-100 elementor-top-column elementor-element elementor-element-4f0b8f4\" data-id=\"4f0b8f4\" data-element_type=\"column\">\n\t\t\t<div class=\"elementor-widget-wrap elementor-element-populated\">\n\t\t\t\t\t\t<div class=\"elementor-element elementor-element-23a3a2c elementor-widget elementor-widget-spacer\" data-id=\"23a3a2c\" data-element_type=\"widget\" data-widget_type=\"spacer.default\">\n\t\t\t\t<div class=\"elementor-widget-container\">\n\t\t\t\t\t\t\t<div class=\"elementor-spacer\">\n\t\t\t<div class=\"elementor-spacer-inner\"><\/div>\n\t\t<\/div>\n\t\t\t\t\t\t<\/div>\n\t\t\t\t<\/div>\n\t\t\t\t\t<\/div>\n\t\t<\/div>\n\t\t\t\t\t<\/div>\n\t\t<\/section>\n\t\t\t\t<section class=\"elementor-section elementor-top-section elementor-element elementor-element-e4ad0f1 elementor-section-boxed elementor-section-height-default elementor-section-height-default\" data-id=\"e4ad0f1\" data-element_type=\"section\">\n\t\t\t\t\t\t<div class=\"elementor-container elementor-column-gap-default\">\n\t\t\t\t\t<div class=\"elementor-column elementor-col-100 elementor-top-column elementor-element elementor-element-11dd2ba\" data-id=\"11dd2ba\" data-element_type=\"column\">\n\t\t\t<div class=\"elementor-widget-wrap\">\n\t\t\t\t\t\t\t<\/div>\n\t\t<\/div>\n\t\t\t\t\t<\/div>\n\t\t<\/section>\n\t\t\t\t<section class=\"elementor-section elementor-top-section elementor-element elementor-element-6c4ad31 elementor-section-boxed elementor-section-height-default elementor-section-height-default\" data-id=\"6c4ad31\" data-element_type=\"section\">\n\t\t\t\t\t\t<div class=\"elementor-container elementor-column-gap-default\">\n\t\t\t\t\t<div class=\"elementor-column elementor-col-33 elementor-top-column elementor-element elementor-element-261d877\" data-id=\"261d877\" data-element_type=\"column\">\n\t\t\t<div class=\"elementor-widget-wrap elementor-element-populated\">\n\t\t\t\t\t\t<div class=\"elementor-element elementor-element-345f40f elementor-widget elementor-widget-text-editor\" data-id=\"345f40f\" data-element_type=\"widget\" data-widget_type=\"text-editor.default\">\n\t\t\t\t<div class=\"elementor-widget-container\">\n\t\t\t\t\t\t\t\t\t<h1><span style=\"color: #ffffff;\">Wir <br \/>engagieren uns.<\/span><\/h1><p><span style=\"color: #ffd100;\"><strong>Unsere Verantwortung <br \/>und Nachhaltigkeit<\/strong><\/span><\/p>\t\t\t\t\t\t\t\t<\/div>\n\t\t\t\t<\/div>\n\t\t\t\t\t<\/div>\n\t\t<\/div>\n\t\t\t\t<div class=\"elementor-column elementor-col-33 elementor-top-column elementor-element elementor-element-2377ee6\" data-id=\"2377ee6\" data-element_type=\"column\">\n\t\t\t<div class=\"elementor-widget-wrap\">\n\t\t\t\t\t\t\t<\/div>\n\t\t<\/div>\n\t\t\t\t<div class=\"elementor-column elementor-col-33 elementor-top-column elementor-element elementor-element-97e7490\" data-id=\"97e7490\" data-element_type=\"column\">\n\t\t\t<div class=\"elementor-widget-wrap\">\n\t\t\t\t\t\t\t<\/div>\n\t\t<\/div>\n\t\t\t\t\t<\/div>\n\t\t<\/section>\n\t\t\t\t<section class=\"elementor-section elementor-top-section elementor-element elementor-element-d706206 elementor-section-boxed elementor-section-height-default elementor-section-height-default\" data-id=\"d706206\" data-element_type=\"section\">\n\t\t\t\t\t\t<div class=\"elementor-container elementor-column-gap-default\">\n\t\t\t\t\t<div class=\"elementor-column elementor-col-100 elementor-top-column elementor-element elementor-element-79f8ba9\" data-id=\"79f8ba9\" data-element_type=\"column\">\n\t\t\t<div class=\"elementor-widget-wrap elementor-element-populated\">\n\t\t\t\t\t\t<div class=\"elementor-element elementor-element-7028731 sea3-spacer-m sea3-spacer-tablet-m sea3-spacer-mobile-m elementor-widget elementor-widget-sea3-spacer\" data-id=\"7028731\" data-element_type=\"widget\" data-widget_type=\"sea3-spacer.default\">\n\t\t\t\t<div class=\"elementor-widget-container\">\n\t\t\t\t\t        <div class=\"sea3-elementor-spacer elementor-spacer\">\n            <div class=\"sea3-elementor-spacer-inner elementor-spacer-inner\"><\/div>\n        <\/div>\n        \t\t\t\t<\/div>\n\t\t\t\t<\/div>\n\t\t\t\t<section class=\"elementor-section elementor-inner-section elementor-element elementor-element-aa3f454 elementor-section-boxed elementor-section-height-default elementor-section-height-default\" data-id=\"aa3f454\" data-element_type=\"section\">\n\t\t\t\t\t\t<div class=\"elementor-container elementor-column-gap-default\">\n\t\t\t\t\t<div class=\"elementor-column elementor-col-66 elementor-inner-column elementor-element elementor-element-b577670\" data-id=\"b577670\" data-element_type=\"column\">\n\t\t\t<div class=\"elementor-widget-wrap elementor-element-populated\">\n\t\t\t\t\t\t<div class=\"elementor-element elementor-element-7120726 elementor-widget elementor-widget-text-editor\" data-id=\"7120726\" data-element_type=\"widget\" data-widget_type=\"text-editor.default\">\n\t\t\t\t<div class=\"elementor-widget-container\">\n\t\t\t\t\t\t\t\t\t<h2>Unser Engagement f\u00fcr Gesundheit geht \u00fcber die Lieferung hinaus<\/h2><p class=\"lead\"><strong>In unserem unternehmerischen Alltag achten wir stets auf einen sozialen Umgang mit und unter unseren Mitarbeiter:innen, sowie einen pflichtbewussten Umgang mit unserer Umwelt.<\/strong><\/p><p class=\"large\">Daher \u00fcbernehmen wir auch \u00fcber unsere Unternehmensgrenzen hinaus Verantwortung.<\/p>\t\t\t\t\t\t\t\t<\/div>\n\t\t\t\t<\/div>\n\t\t\t\t\t<\/div>\n\t\t<\/div>\n\t\t\t\t<div class=\"elementor-column elementor-col-50 elementor-inner-column elementor-element elementor-element-2c9166a\" data-id=\"2c9166a\" data-element_type=\"column\">\n\t\t\t<div class=\"elementor-widget-wrap elementor-element-populated\">\n\t\t\t\t\t\t<div class=\"elementor-element elementor-element-e6ed158 elementor-widget elementor-widget-image\" data-id=\"e6ed158\" data-element_type=\"widget\" data-settings=\"{&quot;motion_fx_motion_fx_mouse&quot;:&quot;yes&quot;}\" data-widget_type=\"image.default\">\n\t\t\t\t<div class=\"elementor-widget-container\">\n\t\t\t\t\t\t\t\t\t\t\t\t\t\t\t<img fetchpriority=\"high\" decoding=\"async\" width=\"1200\" height=\"919\" src=\"https:\/\/www.vanwylick.de\/wp-content\/uploads\/birne-1.jpg?v=1614095277\" class=\"attachment-full size-full wp-image-746\" alt=\"\" srcset=\"https:\/\/www.vanwylick.de\/wp-content\/uploads\/birne-1.jpg 1200w, https:\/\/www.vanwylick.de\/wp-content\/uploads\/birne-1-480x368.jpg 480w, https:\/\/www.vanwylick.de\/wp-content\/uploads\/birne-1-1140x873.jpg 1140w, https:\/\/www.vanwylick.de\/wp-content\/uploads\/birne-1-150x115.jpg 150w, https:\/\/www.vanwylick.de\/wp-content\/uploads\/birne-1-768x588.jpg 768w, https:\/\/www.vanwylick.de\/wp-content\/uploads\/birne-1-480x368@2x.jpg 960w, https:\/\/www.vanwylick.de\/wp-content\/uploads\/birne-1-150x115@2x.jpg 300w\" sizes=\"(max-width: 1200px) 100vw, 1200px\" \/>\t\t\t\t\t\t\t\t\t\t\t\t\t\t\t<\/div>\n\t\t\t\t<\/div>\n\t\t\t\t\t<\/div>\n\t\t<\/div>\n\t\t\t\t\t<\/div>\n\t\t<\/section>\n\t\t\t\t<div class=\"elementor-element elementor-element-92321c8 sea3-spacer-l elementor-widget elementor-widget-sea3-spacer\" data-id=\"92321c8\" data-element_type=\"widget\" data-widget_type=\"sea3-spacer.default\">\n\t\t\t\t<div class=\"elementor-widget-container\">\n\t\t\t\t\t        <div class=\"sea3-elementor-spacer elementor-spacer\">\n            <div class=\"sea3-elementor-spacer-inner elementor-spacer-inner\"><\/div>\n        <\/div>\n        \t\t\t\t<\/div>\n\t\t\t\t<\/div>\n\t\t\t\t\t<\/div>\n\t\t<\/div>\n\t\t\t\t\t<\/div>\n\t\t<\/section>\n\t\t\t\t<section class=\"elementor-section elementor-top-section elementor-element elementor-element-e3abbbd elementor-reverse-mobile elementor-section-boxed elementor-section-height-default elementor-section-height-default\" data-id=\"e3abbbd\" data-element_type=\"section\">\n\t\t\t\t\t\t<div class=\"elementor-container elementor-column-gap-default\">\n\t\t\t\t\t<div class=\"elementor-column elementor-col-33 elementor-top-column elementor-element elementor-element-cb85951\" data-id=\"cb85951\" data-element_type=\"column\">\n\t\t\t<div class=\"elementor-widget-wrap elementor-element-populated\">\n\t\t\t\t\t\t<div class=\"elementor-element elementor-element-ececad8 elementor-invisible elementor-widget elementor-widget-image\" data-id=\"ececad8\" data-element_type=\"widget\" data-settings=\"{&quot;_animation&quot;:&quot;fadeInLeft&quot;}\" data-widget_type=\"image.default\">\n\t\t\t\t<div class=\"elementor-widget-container\">\n\t\t\t\t\t\t\t\t\t\t\t\t\t\t\t<img decoding=\"async\" width=\"612\" height=\"542\" src=\"https:\/\/www.vanwylick.de\/wp-content\/uploads\/istockphoto-183338365-612x612-1.jpg?v=1614080664\" class=\"attachment-medium_large size-medium_large wp-image-659\" alt=\"\" srcset=\"https:\/\/www.vanwylick.de\/wp-content\/uploads\/istockphoto-183338365-612x612-1.jpg 612w, https:\/\/www.vanwylick.de\/wp-content\/uploads\/istockphoto-183338365-612x612-1-480x425.jpg 480w, https:\/\/www.vanwylick.de\/wp-content\/uploads\/istockphoto-183338365-612x612-1-150x133.jpg 150w, https:\/\/www.vanwylick.de\/wp-content\/uploads\/istockphoto-183338365-612x612-1-150x133@2x.jpg 300w\" sizes=\"(max-width: 612px) 100vw, 612px\" \/>\t\t\t\t\t\t\t\t\t\t\t\t\t\t\t<\/div>\n\t\t\t\t<\/div>\n\t\t\t\t\t<\/div>\n\t\t<\/div>\n\t\t\t\t<div class=\"elementor-column elementor-col-66 elementor-top-column elementor-element elementor-element-4099eec\" data-id=\"4099eec\" data-element_type=\"column\">\n\t\t\t<div class=\"elementor-widget-wrap elementor-element-populated\">\n\t\t\t\t\t\t<div class=\"elementor-element elementor-element-33b3213 elementor-invisible elementor-widget elementor-widget-text-editor\" data-id=\"33b3213\" data-element_type=\"widget\" data-settings=\"{&quot;_animation&quot;:&quot;fadeInRight&quot;}\" data-widget_type=\"text-editor.default\">\n\t\t\t\t<div class=\"elementor-widget-container\">\n\t\t\t\t\t\t\t\t\t<h4><span style=\"color: #9bc615;\">Nachhaltigkeitsbericht<\/span><\/h4><p><strong>Die Fruchtimport vanWylick Gruppe f\u00fchlt sich der Umwelt, der Gesellschaft und seinen Mitarbeiter:innen gegen\u00fcber in hohem Ma\u00dfe verpflichtet.<\/strong><\/p><p>Nat\u00fcrlich verfolgt vanWylick als mittelst\u00e4ndisches Handelsunternehmen wirtschaftliche Ziele. Um diese zu erreichen und langfristig erfolgreich zu sein wissen wir aber, dass wir mit Ressourcen, Mitarbeiter:innen und Gesch\u00e4ftspartner:innen fair und vertrauensvoll umgehen m\u00fcssen.<\/p>\t\t\t\t\t\t\t\t<\/div>\n\t\t\t\t<\/div>\n\t\t\t\t<div class=\"elementor-element elementor-element-aecf79b elementor-blockquote--skin-border elementor-invisible elementor-widget elementor-widget-blockquote\" data-id=\"aecf79b\" data-element_type=\"widget\" data-settings=\"{&quot;_animation&quot;:&quot;fadeInRight&quot;}\" data-widget_type=\"blockquote.default\">\n\t\t\t\t<div class=\"elementor-widget-container\">\n\t\t\t\t\t\t\t<blockquote class=\"elementor-blockquote\">\n\t\t\t<p class=\"elementor-blockquote__content\">\n\t\t\t\tNachhaltigkeit bedeutet f\u00fcr uns \n\nverantwortungsvolles und zukunftsorientiertes \n\nHandeln im Sinne der Gemeinschaft.\t\t\t<\/p>\n\t\t\t\t\t<\/blockquote>\n\t\t\t\t\t\t<\/div>\n\t\t\t\t<\/div>\n\t\t\t\t<div class=\"elementor-element elementor-element-f171c6d elementor-invisible elementor-widget elementor-widget-text-editor\" data-id=\"f171c6d\" data-element_type=\"widget\" data-settings=\"{&quot;_animation&quot;:&quot;fadeInRight&quot;}\" data-widget_type=\"text-editor.default\">\n\t\t\t\t<div class=\"elementor-widget-container\">\n\t\t\t\t\t\t\t\t\t<p><span id=\"attr-dc4c4f2a-a399-4200-a2ed-a6fd42b59d82\">Dieser Grundsatz ist ein wesentlicher Bestandteil der vanWylick <\/span><span id=\"attr-dc4c4f2a-a399-4200-a2ed-a6fd42b59d82\">Unternehmenskultur. Um die Entwicklung unserer gesamten Organisation diesbez\u00fcglich zu dokumentieren und zu messen, ist dieser Bericht erstmalig im Juli 2014 erstellt worden und soll dann in regelm\u00e4\u00dfigen Zeitabst\u00e4nden aktualisiert werden. <\/span><\/p><p><span id=\"attr-dc4c4f2a-a399-4200-a2ed-a6fd42b59d82\">Dies bedeutet gleichzeitig, dass durch die aufgef\u00fchrten Kennzahlen in wichtigen Bereichen Entwicklungen messbar werden.<\/span><\/p>\t\t\t\t\t\t\t\t<\/div>\n\t\t\t\t<\/div>\n\t\t\t\t<div class=\"elementor-element elementor-element-affd928 sea3-spacer-xs elementor-widget elementor-widget-sea3-spacer\" data-id=\"affd928\" data-element_type=\"widget\" data-widget_type=\"sea3-spacer.default\">\n\t\t\t\t<div class=\"elementor-widget-container\">\n\t\t\t\t\t        <div class=\"sea3-elementor-spacer elementor-spacer\">\n            <div class=\"sea3-elementor-spacer-inner elementor-spacer-inner\"><\/div>\n        <\/div>\n        \t\t\t\t<\/div>\n\t\t\t\t<\/div>\n\t\t\t\t\t<\/div>\n\t\t<\/div>\n\t\t\t\t\t<\/div>\n\t\t<\/section>\n\t\t\t\t<section class=\"elementor-section elementor-top-section elementor-element elementor-element-76dd0e6 elementor-section-boxed elementor-section-height-default elementor-section-height-default\" data-id=\"76dd0e6\" data-element_type=\"section\">\n\t\t\t\t\t\t<div class=\"elementor-container elementor-column-gap-default\">\n\t\t\t\t\t<div class=\"elementor-column elementor-col-100 elementor-top-column elementor-element elementor-element-05e1fc1\" data-id=\"05e1fc1\" data-element_type=\"column\">\n\t\t\t<div class=\"elementor-widget-wrap elementor-element-populated\">\n\t\t\t\t\t\t<div class=\"elementor-element elementor-element-831605e sea3-spacer-l elementor-widget elementor-widget-sea3-spacer\" data-id=\"831605e\" data-element_type=\"widget\" data-widget_type=\"sea3-spacer.default\">\n\t\t\t\t<div class=\"elementor-widget-container\">\n\t\t\t\t\t        <div class=\"sea3-elementor-spacer elementor-spacer\">\n            <div class=\"sea3-elementor-spacer-inner elementor-spacer-inner\"><\/div>\n        <\/div>\n        \t\t\t\t<\/div>\n\t\t\t\t<\/div>\n\t\t\t\t\t<\/div>\n\t\t<\/div>\n\t\t\t\t\t<\/div>\n\t\t<\/section>\n\t\t\t\t<section data-url=\"https:\/\/www.vanwylick.de\/wp-content\/uploads\/\" data-image-src-thumbnail=\"apfel-pattern-150x125.jpg?v=1614096392\" data-image-src-2x-thumbnail=\"apfel-pattern.jpg?v=1614096392\" data-image-src-medium=\"apfel-pattern-480x398.jpg?v=1614096392\" data-image-src-2x-medium=\"apfel-pattern.jpg?v=1614096392\" data-image-src-medium_large=\"apfel-pattern-768x637.jpg?v=1614096392\" data-image-src-2x-medium_large=\"apfel-pattern.jpg?v=1614096392\" data-image-src-large=\"apfel-pattern-1140x946.jpg?v=1614096392\" data-image-src-2x-large=\"apfel-pattern.jpg?v=1614096392\" data-image-src-extra_large=\"apfel-pattern.jpg?v=1614096392\" data-image-src-2x-extra_large=\"apfel-pattern.jpg?v=1614096392\" data-image-src-maximum=\"apfel-pattern.jpg?v=1614096392\" data-image-src-2x-maximum=\"apfel-pattern.jpg?v=1614096392\" class=\"beau3-has-background-image elementor-section elementor-top-section elementor-element elementor-element-5695e89 elementor-section-stretched elementor-section-boxed elementor-section-height-default elementor-section-height-default\" data-id=\"5695e89\" data-element_type=\"section\" data-settings=\"{&quot;stretch_section&quot;:&quot;section-stretched&quot;,&quot;background_background&quot;:&quot;classic&quot;,&quot;background_motion_fx_motion_fx_scrolling&quot;:&quot;yes&quot;,&quot;background_motion_fx_translateY_effect&quot;:&quot;yes&quot;,&quot;background_motion_fx_translateY_speed&quot;:{&quot;unit&quot;:&quot;px&quot;,&quot;size&quot;:10,&quot;sizes&quot;:[]},&quot;background_motion_fx_translateY_affectedRange&quot;:{&quot;unit&quot;:&quot;%&quot;,&quot;size&quot;:&quot;&quot;,&quot;sizes&quot;:{&quot;start&quot;:0,&quot;end&quot;:100}},&quot;background_motion_fx_devices&quot;:[&quot;desktop&quot;,&quot;tablet&quot;,&quot;mobile&quot;]}\">\n\t\t\t\t\t\t<div class=\"elementor-container elementor-column-gap-default\">\n\t\t\t\t\t<div class=\"elementor-column elementor-col-50 elementor-top-column elementor-element elementor-element-d9f4e16\" data-id=\"d9f4e16\" data-element_type=\"column\">\n\t\t\t<div class=\"elementor-widget-wrap elementor-element-populated\">\n\t\t\t\t\t\t<div class=\"elementor-element elementor-element-a14fca5 elementor-widget elementor-widget-text-editor\" data-id=\"a14fca5\" data-element_type=\"widget\" data-widget_type=\"text-editor.default\">\n\t\t\t\t<div class=\"elementor-widget-container\">\n\t\t\t\t\t\t\t\t\t<h3><span style=\"color: #ffffff;\">Unser Qualit\u00e4tsanspruch steht an erster Stelle<\/span><\/h3><p><strong><span style=\"color: #ffffff;\">Wir sehen es als unsere Aufgabe, Menschen mit nat\u00fcrlichen, gesunden und wohlschmeckenden Produkten zu versorgen.<\/span><\/strong><\/p><p><span style=\"color: #ffffff;\">Und es ist unser Ziel, nachhaltige Wertsch\u00f6pfung zu gew\u00e4hrleisten: F\u00fcr unsere Kund:innen beste Produkte mit einem H\u00f6chstma\u00df an Sicherheit.<\/span><\/p>\t\t\t\t\t\t\t\t<\/div>\n\t\t\t\t<\/div>\n\t\t\t\t\t<\/div>\n\t\t<\/div>\n\t\t\t\t<div class=\"elementor-column elementor-col-50 elementor-top-column elementor-element elementor-element-c6b5bb7 elementor-hidden-tablet elementor-hidden-phone\" data-id=\"c6b5bb7\" data-element_type=\"column\">\n\t\t\t<div class=\"elementor-widget-wrap\">\n\t\t\t\t\t\t\t<\/div>\n\t\t<\/div>\n\t\t\t\t\t<\/div>\n\t\t<\/section>\n\t\t\t\t<section class=\"elementor-section elementor-top-section elementor-element elementor-element-1583a1e elementor-section-boxed elementor-section-height-default elementor-section-height-default\" data-id=\"1583a1e\" data-element_type=\"section\">\n\t\t\t\t\t\t<div class=\"elementor-container elementor-column-gap-default\">\n\t\t\t\t\t<div class=\"elementor-column elementor-col-100 elementor-top-column elementor-element elementor-element-9302d04\" data-id=\"9302d04\" data-element_type=\"column\">\n\t\t\t<div class=\"elementor-widget-wrap elementor-element-populated\">\n\t\t\t\t\t\t<div class=\"elementor-element elementor-element-baab947 sea3-spacer-l elementor-widget elementor-widget-sea3-spacer\" data-id=\"baab947\" data-element_type=\"widget\" data-widget_type=\"sea3-spacer.default\">\n\t\t\t\t<div class=\"elementor-widget-container\">\n\t\t\t\t\t        <div class=\"sea3-elementor-spacer elementor-spacer\">\n            <div class=\"sea3-elementor-spacer-inner elementor-spacer-inner\"><\/div>\n        <\/div>\n        \t\t\t\t<\/div>\n\t\t\t\t<\/div>\n\t\t\t\t\t<\/div>\n\t\t<\/div>\n\t\t\t\t\t<\/div>\n\t\t<\/section>\n\t\t\t\t<section class=\"elementor-section elementor-top-section elementor-element elementor-element-db17a9e elementor-section-boxed elementor-section-height-default elementor-section-height-default\" data-id=\"db17a9e\" data-element_type=\"section\">\n\t\t\t\t\t\t<div class=\"elementor-container elementor-column-gap-default\">\n\t\t\t\t\t<div class=\"elementor-column elementor-col-50 elementor-top-column elementor-element elementor-element-34d4faa\" data-id=\"34d4faa\" data-element_type=\"column\">\n\t\t\t<div class=\"elementor-widget-wrap elementor-element-populated\">\n\t\t\t\t\t\t<div class=\"elementor-element elementor-element-347fe01 elementor-invisible elementor-widget elementor-widget-text-editor\" data-id=\"347fe01\" data-element_type=\"widget\" data-settings=\"{&quot;_animation&quot;:&quot;fadeInLeft&quot;}\" data-widget_type=\"text-editor.default\">\n\t\t\t\t<div class=\"elementor-widget-container\">\n\t\t\t\t\t\t\t\t\t<h3>Die CSR-Politik der Fruchtimport vanWylick GmbH<\/h3><p><strong>Unsere CSR-Politik basiert auf den CSR-Aktionsrichtlinien der Sumitomo Corporation Group und der Menschenrechtspolitik der Sumitomo Corporation Group.<\/strong><\/p><p><span style=\"color: #9bc615;\"><strong><span id=\"attr-cc93a685-e3bb-44bf-a742-8e9f0eac7df3\">Wir halten uns an Werte<br \/><\/span><\/strong><\/span><span id=\"attr-9144bda3-2478-45d4-bc7a-5b4214263485\">Fruchtimport vanWylick GmbH geh\u00f6rt zu Fyffes Limited Dublin und Fyffes Limited Dublin wird von Sumitomo gehalten. Als Partner halten wir uns an diese Politik und teilen die zum Ausdruck gebrachten Werte. Wir erwarten von unseren Vertragspartner:innen, dass sie diese Bedingungen respektieren, wenn sie f\u00fcr die Fruchtimport vanWylick GmbH arbeiten oder im Namen der Fruchtimport vanWylick GmbH handeln.<\/span><\/p><p>Aus diesem Grund ist die Richtlinie Teil jedes Vertrages mit Dritten.<\/p>\t\t\t\t\t\t\t\t<\/div>\n\t\t\t\t<\/div>\n\t\t\t\t\t<\/div>\n\t\t<\/div>\n\t\t\t\t<div class=\"elementor-column elementor-col-50 elementor-top-column elementor-element elementor-element-0bbb1dc\" data-id=\"0bbb1dc\" data-element_type=\"column\">\n\t\t\t<div class=\"elementor-widget-wrap elementor-element-populated\">\n\t\t\t\t\t\t<div class=\"elementor-element elementor-element-1a428ed elementor-invisible elementor-widget elementor-widget-image\" data-id=\"1a428ed\" data-element_type=\"widget\" data-settings=\"{&quot;_animation&quot;:&quot;fadeInRight&quot;}\" data-widget_type=\"image.default\">\n\t\t\t\t<div class=\"elementor-widget-container\">\n\t\t\t\t\t\t\t\t\t\t\t\t\t\t\t<img decoding=\"async\" width=\"768\" height=\"810\" src=\"https:\/\/www.vanwylick.de\/wp-content\/uploads\/kiwis-768x810.jpg?v=1614086697\" class=\"attachment-medium_large size-medium_large wp-image-675\" alt=\"\" srcset=\"https:\/\/www.vanwylick.de\/wp-content\/uploads\/kiwis-768x810.jpg 768w, https:\/\/www.vanwylick.de\/wp-content\/uploads\/kiwis-480x506.jpg 480w, https:\/\/www.vanwylick.de\/wp-content\/uploads\/kiwis-1140x1202.jpg 1140w, https:\/\/www.vanwylick.de\/wp-content\/uploads\/kiwis-150x158.jpg 150w, https:\/\/www.vanwylick.de\/wp-content\/uploads\/kiwis.jpg 1200w, https:\/\/www.vanwylick.de\/wp-content\/uploads\/kiwis-480x506@2x.jpg 960w, https:\/\/www.vanwylick.de\/wp-content\/uploads\/kiwis-150x158@2x.jpg 300w\" sizes=\"(max-width: 768px) 100vw, 768px\" \/>\t\t\t\t\t\t\t\t\t\t\t\t\t\t\t<\/div>\n\t\t\t\t<\/div>\n\t\t\t\t\t<\/div>\n\t\t<\/div>\n\t\t\t\t\t<\/div>\n\t\t<\/section>\n\t\t\t\t<section class=\"elementor-section elementor-top-section elementor-element elementor-element-fce7bac elementor-section-boxed elementor-section-height-default elementor-section-height-default\" data-id=\"fce7bac\" data-element_type=\"section\">\n\t\t\t\t\t\t<div class=\"elementor-container elementor-column-gap-default\">\n\t\t\t\t\t<div class=\"elementor-column elementor-col-100 elementor-top-column elementor-element elementor-element-bfa2920\" data-id=\"bfa2920\" data-element_type=\"column\">\n\t\t\t<div class=\"elementor-widget-wrap elementor-element-populated\">\n\t\t\t\t\t\t<div class=\"elementor-element elementor-element-89d2e79 elementor-widget elementor-widget-accordion\" data-id=\"89d2e79\" data-element_type=\"widget\" data-settings=\"{&quot;_animation&quot;:&quot;none&quot;}\" data-widget_type=\"accordion.default\">\n\t\t\t\t<div class=\"elementor-widget-container\">\n\t\t\t\t\t\t\t<div class=\"elementor-accordion\">\n\t\t\t\t\t\t\t<div class=\"elementor-accordion-item\">\n\t\t\t\t\t<div id=\"elementor-tab-title-1441\" class=\"elementor-tab-title\" data-tab=\"1\" role=\"button\" aria-controls=\"elementor-tab-content-1441\" aria-expanded=\"false\">\n\t\t\t\t\t\t\t\t\t\t\t\t\t<span class=\"elementor-accordion-icon elementor-accordion-icon-left\" aria-hidden=\"true\">\n\t\t\t\t\t\t\t\t\t\t\t\t\t\t\t<span class=\"elementor-accordion-icon-closed\"><i class=\"fas fa-plus\"><\/i><\/span>\n\t\t\t\t\t\t\t\t<span class=\"elementor-accordion-icon-opened\"><i class=\"fas fa-minus\"><\/i><\/span>\n\t\t\t\t\t\t\t\t\t\t\t\t\t\t<\/span>\n\t\t\t\t\t\t\t\t\t\t\t\t<a class=\"elementor-accordion-title\" tabindex=\"0\">Menschenrechte<\/a>\n\t\t\t\t\t<\/div>\n\t\t\t\t\t<div id=\"elementor-tab-content-1441\" class=\"elementor-tab-content elementor-clearfix\" data-tab=\"1\" role=\"region\" aria-labelledby=\"elementor-tab-title-1441\"><p><strong>Die Fruchtimport vanWylick GmbH erkl\u00e4rt in ihren Managementprinzipien, dass sie einen Beitrag zur Gesellschaft leisten will und gr\u00f6\u00dften Wert auf h\u00f6chsten Respekt vor dem Individuum legt.<\/strong><\/p><p><span style=\"color: #9bc615;\"><strong>Wir haben die soziale Verantwortung<\/strong><\/span><\/p><p>Wir werden die Menschenrechte respektieren, um unserer sozialen Verantwortung als Unternehmen gerecht zu werden und ein nachhaltiges Wachstum mit der Gesellschaft anzustreben.<\/p><p>Die Fruchtimport vanWylick GmbH respektiert die &#8222;Zehn Prinzipien des Global Compact der Vereinten Nationen&#8220;, der sich f\u00fcr gemeinsame Werte mit ihren eigenen Managementprinzipien einsetzt, einschlie\u00dflich derer in Bezug auf Menschenrechte und Arbeit. Wir respektieren auch die &#8222;International Bill of Human Rights&#8220; und die &#8222;Erkl\u00e4rung \u00fcber grundlegende Prinzipien und Rechte bei der Arbeit&#8220; der Internationalen Arbeitsorganisation und wir arbeiten in \u00dcbereinstimmung mit den &#8222;Leitprinzipien der Vereinten Nationen f\u00fcr Unternehmen und Menschenrechte&#8220;.<\/p><\/div>\n\t\t\t\t<\/div>\n\t\t\t\t\t\t\t<div class=\"elementor-accordion-item\">\n\t\t\t\t\t<div id=\"elementor-tab-title-1442\" class=\"elementor-tab-title\" data-tab=\"2\" role=\"button\" aria-controls=\"elementor-tab-content-1442\" aria-expanded=\"false\">\n\t\t\t\t\t\t\t\t\t\t\t\t\t<span class=\"elementor-accordion-icon elementor-accordion-icon-left\" aria-hidden=\"true\">\n\t\t\t\t\t\t\t\t\t\t\t\t\t\t\t<span class=\"elementor-accordion-icon-closed\"><i class=\"fas fa-plus\"><\/i><\/span>\n\t\t\t\t\t\t\t\t<span class=\"elementor-accordion-icon-opened\"><i class=\"fas fa-minus\"><\/i><\/span>\n\t\t\t\t\t\t\t\t\t\t\t\t\t\t<\/span>\n\t\t\t\t\t\t\t\t\t\t\t\t<a class=\"elementor-accordion-title\" tabindex=\"0\">Geltungsbereich<\/a>\n\t\t\t\t\t<\/div>\n\t\t\t\t\t<div id=\"elementor-tab-content-1442\" class=\"elementor-tab-content elementor-clearfix\" data-tab=\"2\" role=\"region\" aria-labelledby=\"elementor-tab-title-1442\"><p><strong>Die Fruchtimport vanWylick GmbH bem\u00fcht sich sicherzustellen, dass alle F\u00fchrungskr\u00e4fte und Mitarbeiter:innen innerhalb des Unternehmens ihrer Verantwortung zur Einhaltung der Menschenrechte gerecht werden. <\/strong><\/p><p>Dar\u00fcber hinaus ermutigen wir unsere Lieferant:innen und Gesch\u00e4ftspartner:innen, diese Politik zu akzeptieren, zu verstehen und zu praktizieren, damit wir gemeinsam an der Erf\u00fcllung unserer sozialen Verantwortung, einschlie\u00dflich der Achtung der Menschenrechte in der jeweiligen Wertsch\u00f6pfungskette, arbeiten k\u00f6nnen.<\/p><\/div>\n\t\t\t\t<\/div>\n\t\t\t\t\t\t\t<div class=\"elementor-accordion-item\">\n\t\t\t\t\t<div id=\"elementor-tab-title-1443\" class=\"elementor-tab-title\" data-tab=\"3\" role=\"button\" aria-controls=\"elementor-tab-content-1443\" aria-expanded=\"false\">\n\t\t\t\t\t\t\t\t\t\t\t\t\t<span class=\"elementor-accordion-icon elementor-accordion-icon-left\" aria-hidden=\"true\">\n\t\t\t\t\t\t\t\t\t\t\t\t\t\t\t<span class=\"elementor-accordion-icon-closed\"><i class=\"fas fa-plus\"><\/i><\/span>\n\t\t\t\t\t\t\t\t<span class=\"elementor-accordion-icon-opened\"><i class=\"fas fa-minus\"><\/i><\/span>\n\t\t\t\t\t\t\t\t\t\t\t\t\t\t<\/span>\n\t\t\t\t\t\t\t\t\t\t\t\t<a class=\"elementor-accordion-title\" tabindex=\"0\">Sorgfaltspflicht im Bereich Menschenrechte<\/a>\n\t\t\t\t\t<\/div>\n\t\t\t\t\t<div id=\"elementor-tab-content-1443\" class=\"elementor-tab-content elementor-clearfix\" data-tab=\"3\" role=\"region\" aria-labelledby=\"elementor-tab-title-1443\"><p><strong>Die Fruchtimport vanWylick GmbH ist bestrebt, nachteilige Auswirkungen auf die Menschenrechte durch die Anwendung von Menschenrechts-Due-Diligence-Prozessen zu identifizieren und zu verhindern oder abzuschw\u00e4chen. <\/strong><\/p><p>Wenn wir feststellen, dass die Praktiken unseres Unternehmens eine negative Auswirkung auf die Menschenrechte verursacht oder dazu beigetragen haben, werden wir uns bem\u00fchen, geeignete Abhilfema\u00dfnahmen zu ergreifen.<\/p><\/div>\n\t\t\t\t<\/div>\n\t\t\t\t\t\t\t<div class=\"elementor-accordion-item\">\n\t\t\t\t\t<div id=\"elementor-tab-title-1444\" class=\"elementor-tab-title\" data-tab=\"4\" role=\"button\" aria-controls=\"elementor-tab-content-1444\" aria-expanded=\"false\">\n\t\t\t\t\t\t\t\t\t\t\t\t\t<span class=\"elementor-accordion-icon elementor-accordion-icon-left\" aria-hidden=\"true\">\n\t\t\t\t\t\t\t\t\t\t\t\t\t\t\t<span class=\"elementor-accordion-icon-closed\"><i class=\"fas fa-plus\"><\/i><\/span>\n\t\t\t\t\t\t\t\t<span class=\"elementor-accordion-icon-opened\"><i class=\"fas fa-minus\"><\/i><\/span>\n\t\t\t\t\t\t\t\t\t\t\t\t\t\t<\/span>\n\t\t\t\t\t\t\t\t\t\t\t\t<a class=\"elementor-accordion-title\" tabindex=\"0\">Einhaltung der einschl\u00e4gigen Gesetze<\/a>\n\t\t\t\t\t<\/div>\n\t\t\t\t\t<div id=\"elementor-tab-content-1444\" class=\"elementor-tab-content elementor-clearfix\" data-tab=\"4\" role=\"region\" aria-labelledby=\"elementor-tab-title-1444\"><p><strong>Die Fruchtimport vanWylick GmbH h\u00e4lt sich an die nationalen und regionalen Gesetze und Vorschriften, die f\u00fcr die Gesch\u00e4ftst\u00e4tigkeit des Unternehmens gelten. <\/strong><\/p><p>Wenn diese Gesetze und Vorschriften mit den international anerkannten Menschenrechten unvereinbar sind, werden wir uns bem\u00fchen, Ma\u00dfnahmen zur Einhaltung der internationalen Menschenrechtsnormen zu ergreifen.<\/p><\/div>\n\t\t\t\t<\/div>\n\t\t\t\t\t\t\t<div class=\"elementor-accordion-item\">\n\t\t\t\t\t<div id=\"elementor-tab-title-1445\" class=\"elementor-tab-title\" data-tab=\"5\" role=\"button\" aria-controls=\"elementor-tab-content-1445\" aria-expanded=\"false\">\n\t\t\t\t\t\t\t\t\t\t\t\t\t<span class=\"elementor-accordion-icon elementor-accordion-icon-left\" aria-hidden=\"true\">\n\t\t\t\t\t\t\t\t\t\t\t\t\t\t\t<span class=\"elementor-accordion-icon-closed\"><i class=\"fas fa-plus\"><\/i><\/span>\n\t\t\t\t\t\t\t\t<span class=\"elementor-accordion-icon-opened\"><i class=\"fas fa-minus\"><\/i><\/span>\n\t\t\t\t\t\t\t\t\t\t\t\t\t\t<\/span>\n\t\t\t\t\t\t\t\t\t\t\t\t<a class=\"elementor-accordion-title\" tabindex=\"0\">Einbeziehung von Interessengruppen<\/a>\n\t\t\t\t\t<\/div>\n\t\t\t\t\t<div id=\"elementor-tab-content-1445\" class=\"elementor-tab-content elementor-clearfix\" data-tab=\"5\" role=\"region\" aria-labelledby=\"elementor-tab-title-1445\"><p>Die Fruchtimport vanWylick GmbH wird versuchen, durch Engagement und Dialog mit relevanten Interessengruppen Menschenrechtsma\u00dfnahmen zu verbessern und voranzubringen.<\/p><\/div>\n\t\t\t\t<\/div>\n\t\t\t\t\t\t\t<div class=\"elementor-accordion-item\">\n\t\t\t\t\t<div id=\"elementor-tab-title-1446\" class=\"elementor-tab-title\" data-tab=\"6\" role=\"button\" aria-controls=\"elementor-tab-content-1446\" aria-expanded=\"false\">\n\t\t\t\t\t\t\t\t\t\t\t\t\t<span class=\"elementor-accordion-icon elementor-accordion-icon-left\" aria-hidden=\"true\">\n\t\t\t\t\t\t\t\t\t\t\t\t\t\t\t<span class=\"elementor-accordion-icon-closed\"><i class=\"fas fa-plus\"><\/i><\/span>\n\t\t\t\t\t\t\t\t<span class=\"elementor-accordion-icon-opened\"><i class=\"fas fa-minus\"><\/i><\/span>\n\t\t\t\t\t\t\t\t\t\t\t\t\t\t<\/span>\n\t\t\t\t\t\t\t\t\t\t\t\t<a class=\"elementor-accordion-title\" tabindex=\"0\">Schulungen<\/a>\n\t\t\t\t\t<\/div>\n\t\t\t\t\t<div id=\"elementor-tab-content-1446\" class=\"elementor-tab-content elementor-clearfix\" data-tab=\"6\" role=\"region\" aria-labelledby=\"elementor-tab-title-1446\"><p>Die Fruchtimport vanWylick GmbH wird ihre F\u00fchrungskr\u00e4fte und Mitarbeiter:innen innerhalb ihrer Gruppe angemessen schulen, um sicherzustellen, dass diese Menschenrechtspolitik verstanden und effektiv umgesetzt wird.<\/p><\/div>\n\t\t\t\t<\/div>\n\t\t\t\t\t\t\t<div class=\"elementor-accordion-item\">\n\t\t\t\t\t<div id=\"elementor-tab-title-1447\" class=\"elementor-tab-title\" data-tab=\"7\" role=\"button\" aria-controls=\"elementor-tab-content-1447\" aria-expanded=\"false\">\n\t\t\t\t\t\t\t\t\t\t\t\t\t<span class=\"elementor-accordion-icon elementor-accordion-icon-left\" aria-hidden=\"true\">\n\t\t\t\t\t\t\t\t\t\t\t\t\t\t\t<span class=\"elementor-accordion-icon-closed\"><i class=\"fas fa-plus\"><\/i><\/span>\n\t\t\t\t\t\t\t\t<span class=\"elementor-accordion-icon-opened\"><i class=\"fas fa-minus\"><\/i><\/span>\n\t\t\t\t\t\t\t\t\t\t\t\t\t\t<\/span>\n\t\t\t\t\t\t\t\t\t\t\t\t<a class=\"elementor-accordion-title\" tabindex=\"0\">Erwartungen von Drittanbietern | allgemein<\/a>\n\t\t\t\t\t<\/div>\n\t\t\t\t\t<div id=\"elementor-tab-content-1447\" class=\"elementor-tab-content elementor-clearfix\" data-tab=\"7\" role=\"region\" aria-labelledby=\"elementor-tab-title-1447\"><p><strong>Von unseren Lieferant:innen und Gesch\u00e4ftspartner:innen wird dies erwartet:<\/strong><\/p><ul><li>Menschenrechte respektieren und sich nicht an Menschenrechtsverletzungen mitschuldig machen<\/li><li>Verhinderung von Zwangsarbeit, Kinderarbeit und der Zahlung unfair niedriger L\u00f6hne<\/li><li>sich nicht an diskriminierenden Besch\u00e4ftigungspraktiken beteiligen<\/li><li>Respektieren Sie das Recht der Arbeitnehmer:innen, sich frei zu vereinigen, um offene und faire Verhandlungen zwischen den Sozialpartner:innen zu gew\u00e4hrleisten.<\/li><li>Den Mitarbeiter:innen sichere und gesunde Arbeitsumgebungen bieten<\/li><li>Schutz der globalen Umwelt und geb\u00fchrende Ber\u00fccksichtigung der Biodiversit\u00e4t<\/li><li>die Qualit\u00e4t und Sicherheit von Produkten und Dienstleistungen zu gew\u00e4hrleisten<\/li><li>Gew\u00e4hrleistung fairer Gesch\u00e4ftstransaktionen, Einhaltung aller geltenden Gesetze, Regeln und Vorschriften und Verhinderung von Erpressung, Bestechung und allen anderen Formen korrupter Gesch\u00e4ftspraktiken<\/li><li>Gew\u00e4hrleistung einer angemessenen Informationssicherheit<\/li><li>mit Mitgliedern der lokalen Gastgebergemeinden zusammenarbeiten und zur nachhaltigen regionalen Entwicklung beitragen<br \/><span style=\"color: #016b00;\"><br \/><strong>Geben Sie Informationen zu den oben genannten Punkten rechtzeitig und in angemessener Weise bekannt.<\/strong><\/span><\/li><\/ul><\/div>\n\t\t\t\t<\/div>\n\t\t\t\t\t\t\t<div class=\"elementor-accordion-item\">\n\t\t\t\t\t<div id=\"elementor-tab-title-1448\" class=\"elementor-tab-title\" data-tab=\"8\" role=\"button\" aria-controls=\"elementor-tab-content-1448\" aria-expanded=\"false\">\n\t\t\t\t\t\t\t\t\t\t\t\t\t<span class=\"elementor-accordion-icon elementor-accordion-icon-left\" aria-hidden=\"true\">\n\t\t\t\t\t\t\t\t\t\t\t\t\t\t\t<span class=\"elementor-accordion-icon-closed\"><i class=\"fas fa-plus\"><\/i><\/span>\n\t\t\t\t\t\t\t\t<span class=\"elementor-accordion-icon-opened\"><i class=\"fas fa-minus\"><\/i><\/span>\n\t\t\t\t\t\t\t\t\t\t\t\t\t\t<\/span>\n\t\t\t\t\t\t\t\t\t\t\t\t<a class=\"elementor-accordion-title\" tabindex=\"0\">Erwartungen von Drittanbietern | Deutsches Recht<\/a>\n\t\t\t\t\t<\/div>\n\t\t\t\t\t<div id=\"elementor-tab-content-1448\" class=\"elementor-tab-content elementor-clearfix\" data-tab=\"8\" role=\"region\" aria-labelledby=\"elementor-tab-title-1448\"><p><strong>Die Befolgung des nationalen Rechts ist obligatorisch. Besonders hervorheben m\u00f6chten wir die folgenden Gesetze:<\/strong><\/p><ul><li>Allgemeines Gleichbehandlungsgesetz (AGG)<\/li><li>Arbeitnehmer\u00fcberlassungsgesetz (A\u00dcG)<\/li><li>Bundesurlaubsgesetz (BUrlG)<\/li><li>Entgeltfortzahlungsgesetz (EFZG)<\/li><li>K\u00fcndigungsschutzgesetz (KSchG)<\/li><li>Mindestlohngesetz (MiLoG)<\/li><li>Schwarzarbeitsbek\u00e4mpfungsgesetz (SchwarzArbG)<\/li><li>Teilzeit- und Befristungsgesetz (TzBfG)<\/li><li>Arbeitsschutzgesetz (ArbSchG)<\/li><li>Arbeitszeitgesetz (ArbZG)<\/li><li>Jugendarbeitsschutzgesetz (JArbSchG)<\/li><li>Arbeitsst\u00e4ttenverordnung<\/li><\/ul><\/div>\n\t\t\t\t<\/div>\n\t\t\t\t\t\t\t<div class=\"elementor-accordion-item\">\n\t\t\t\t\t<div id=\"elementor-tab-title-1449\" class=\"elementor-tab-title\" data-tab=\"9\" role=\"button\" aria-controls=\"elementor-tab-content-1449\" aria-expanded=\"false\">\n\t\t\t\t\t\t\t\t\t\t\t\t\t<span class=\"elementor-accordion-icon elementor-accordion-icon-left\" aria-hidden=\"true\">\n\t\t\t\t\t\t\t\t\t\t\t\t\t\t\t<span class=\"elementor-accordion-icon-closed\"><i class=\"fas fa-plus\"><\/i><\/span>\n\t\t\t\t\t\t\t\t<span class=\"elementor-accordion-icon-opened\"><i class=\"fas fa-minus\"><\/i><\/span>\n\t\t\t\t\t\t\t\t\t\t\t\t\t\t<\/span>\n\t\t\t\t\t\t\t\t\t\t\t\t<a class=\"elementor-accordion-title\" tabindex=\"0\">Erwartungen von Drittanbietern | Auftragsarbeiten | Sozialstandards<\/a>\n\t\t\t\t\t<\/div>\n\t\t\t\t\t<div id=\"elementor-tab-content-1449\" class=\"elementor-tab-content elementor-clearfix\" data-tab=\"9\" role=\"region\" aria-labelledby=\"elementor-tab-title-1449\"><p><strong>Die Fruchtimport vanWylick GmbH erwartet von jedem:r Auftragnehmer:in, dass er:sie mindestens soziale Mindeststandards f\u00fcr seine Mitarbeiter:innen einh\u00e4lt:<\/strong><\/p><ul><li>Die Vorschriften des nationalen Rechts werden eingehalten.<\/li><li>Die regul\u00e4re Arbeitszeit betr\u00e4gt 8 Stunden\/Tag.<strong><br \/><br \/><\/strong><\/li><li>Wenn eine Unterkunft zur Verf\u00fcgung gestellt wird:<ul><li>Art des Zimmers: Wohnung, kein Hotelzimmer-\u00e4hnlicher Raum.<\/li><li>Maximum Zweibettzimmer<\/li><li>K\u00fcche<\/li><li>Bad<\/li><li>Die Miete muss mit dem \u00f6rtlichen Durchschnitt vergleichbar sein.<\/li><li>Wenn die Wohnung als &#8222;Werkwohnung&#8220; (Eigentum des Auftragnehmers) klassifiziert ist, darf Fruchtimport vanWylick den Standort nach vorheriger Ank\u00fcndigung besichtigen.<br \/><br \/><\/li><\/ul><\/li><li>Wenn der Transport bereitgestellt wird:<ul><li>Die dem:r Mitarbeiter:in in Rechnung gestellte Kostenbeteiligung muss mit den Preisen f\u00fcr \u00f6ffentliche Verkehrsmittel vergleichbar sein.<\/li><\/ul><\/li><\/ul><\/div>\n\t\t\t\t<\/div>\n\t\t\t\t\t\t\t\t<\/div>\n\t\t\t\t\t\t<\/div>\n\t\t\t\t<\/div>\n\t\t\t\t\t<\/div>\n\t\t<\/div>\n\t\t\t\t\t<\/div>\n\t\t<\/section>\n\t\t\t\t<section class=\"elementor-section elementor-top-section elementor-element elementor-element-d3f4ff8 elementor-section-boxed elementor-section-height-default elementor-section-height-default\" data-id=\"d3f4ff8\" data-element_type=\"section\">\n\t\t\t\t\t\t<div class=\"elementor-container elementor-column-gap-default\">\n\t\t\t\t\t<div class=\"elementor-column elementor-col-100 elementor-top-column elementor-element elementor-element-aacf1e3\" data-id=\"aacf1e3\" data-element_type=\"column\">\n\t\t\t<div class=\"elementor-widget-wrap elementor-element-populated\">\n\t\t\t\t\t\t<div class=\"elementor-element elementor-element-f0cac8b sea3-spacer-l elementor-widget elementor-widget-sea3-spacer\" data-id=\"f0cac8b\" data-element_type=\"widget\" data-widget_type=\"sea3-spacer.default\">\n\t\t\t\t<div class=\"elementor-widget-container\">\n\t\t\t\t\t        <div class=\"sea3-elementor-spacer elementor-spacer\">\n            <div class=\"sea3-elementor-spacer-inner elementor-spacer-inner\"><\/div>\n        <\/div>\n        \t\t\t\t<\/div>\n\t\t\t\t<\/div>\n\t\t\t\t\t<\/div>\n\t\t<\/div>\n\t\t\t\t\t<\/div>\n\t\t<\/section>\n\t\t\t\t<section class=\"elementor-section elementor-top-section elementor-element elementor-element-800fdcf elementor-section-boxed elementor-section-height-default elementor-section-height-default\" data-id=\"800fdcf\" data-element_type=\"section\">\n\t\t\t\t\t\t<div class=\"elementor-container elementor-column-gap-default\">\n\t\t\t\t\t<div class=\"elementor-column elementor-col-66 elementor-top-column elementor-element elementor-element-3efbb3f\" data-id=\"3efbb3f\" data-element_type=\"column\">\n\t\t\t<div class=\"elementor-widget-wrap elementor-element-populated\">\n\t\t\t\t\t\t<div class=\"elementor-element elementor-element-83784e7 elementor-widget elementor-widget-text-editor\" data-id=\"83784e7\" data-element_type=\"widget\" data-widget_type=\"text-editor.default\">\n\t\t\t\t<div class=\"elementor-widget-container\">\n\t\t\t\t\t\t\t\t\t<h2>Energieeffizienz<\/h2><p>Die ISO-50001-Zertifizierung best\u00e4tigt, dass wir kontinuierlich in allen Bereichen der Wertsch\u00f6pfungskette \u2013 von der Beschaffung \u00fcber die Lagerung und Reifung bis hin zur Distribution \u2013 an der Verbesserung unserer Energieeffizienz arbeiten. Durch den Einsatz modernster Technik, klare strategische Ziele und einen verantwortungsvollen Umgang mit Energie setzen wir auf nachhaltige L\u00f6sungen.<\/p>\t\t\t\t\t\t\t\t<\/div>\n\t\t\t\t<\/div>\n\t\t\t\t\t<\/div>\n\t\t<\/div>\n\t\t\t\t<div class=\"elementor-column elementor-col-33 elementor-top-column elementor-element elementor-element-9b8db44\" data-id=\"9b8db44\" data-element_type=\"column\">\n\t\t\t<div class=\"elementor-widget-wrap elementor-element-populated\">\n\t\t\t\t\t\t<div class=\"elementor-element elementor-element-c328006 elementor-widget elementor-widget-image\" data-id=\"c328006\" data-element_type=\"widget\" data-widget_type=\"image.default\">\n\t\t\t\t<div class=\"elementor-widget-container\">\n\t\t\t\t\t\t\t\t\t\t\t\t\t\t\t<img decoding=\"async\" src=\"https:\/\/www.vanwylick.de\/wp-content\/uploads\/elementor\/thumbs\/50001_ger_tc_p-rf7vt6ydn0761yshks6fxhihxfc23qnndz57e0r668.jpg?v=1764060918\" title=\"50001_ger_tc_p\" alt=\"50001_ger_tc_p\" loading=\"lazy\" \/>\t\t\t\t\t\t\t\t\t\t\t\t\t\t\t<\/div>\n\t\t\t\t<\/div>\n\t\t\t\t\t<\/div>\n\t\t<\/div>\n\t\t\t\t\t<\/div>\n\t\t<\/section>\n\t\t\t\t<section class=\"elementor-section elementor-top-section elementor-element elementor-element-3de1210 elementor-section-boxed elementor-section-height-default elementor-section-height-default\" data-id=\"3de1210\" data-element_type=\"section\">\n\t\t\t\t\t\t<div class=\"elementor-container elementor-column-gap-default\">\n\t\t\t\t\t<div class=\"elementor-column elementor-col-100 elementor-top-column elementor-element elementor-element-87f1870\" data-id=\"87f1870\" data-element_type=\"column\">\n\t\t\t<div class=\"elementor-widget-wrap elementor-element-populated\">\n\t\t\t\t\t\t<div class=\"elementor-element elementor-element-d484994 sea3-spacer-l elementor-widget elementor-widget-sea3-spacer\" data-id=\"d484994\" data-element_type=\"widget\" data-widget_type=\"sea3-spacer.default\">\n\t\t\t\t<div class=\"elementor-widget-container\">\n\t\t\t\t\t        <div class=\"sea3-elementor-spacer elementor-spacer\">\n            <div class=\"sea3-elementor-spacer-inner elementor-spacer-inner\"><\/div>\n        <\/div>\n        \t\t\t\t<\/div>\n\t\t\t\t<\/div>\n\t\t\t\t\t<\/div>\n\t\t<\/div>\n\t\t\t\t\t<\/div>\n\t\t<\/section>\n\t\t\t\t<section class=\"elementor-section elementor-top-section elementor-element elementor-element-90490d6 elementor-section-boxed elementor-section-height-default elementor-section-height-default\" data-id=\"90490d6\" data-element_type=\"section\">\n\t\t\t\t\t\t<div class=\"elementor-container elementor-column-gap-default\">\n\t\t\t\t\t<div class=\"elementor-column elementor-col-66 elementor-top-column elementor-element elementor-element-5bc7627\" data-id=\"5bc7627\" data-element_type=\"column\">\n\t\t\t<div class=\"elementor-widget-wrap elementor-element-populated\">\n\t\t\t\t\t\t<div class=\"elementor-element elementor-element-6db2074 elementor-widget elementor-widget-text-editor\" data-id=\"6db2074\" data-element_type=\"widget\" data-widget_type=\"text-editor.default\">\n\t\t\t\t<div class=\"elementor-widget-container\">\n\t\t\t\t\t\t\t\t\t<h2>Engagement<\/h2><p>Obst und Gem\u00fcse sind nicht nur wunderbar schmeckende, nat\u00fcrliche Produkte, sondern dar\u00fcber hinaus tragen sie auch wesentlich zu einem gesunden und wohlbefindlichen Lebensstil bei.<\/p><p><strong>Wir engagieren uns darum seit langem in verschiedenen Projekten.<\/strong><\/p>\t\t\t\t\t\t\t\t<\/div>\n\t\t\t\t<\/div>\n\t\t\t\t\t<\/div>\n\t\t<\/div>\n\t\t\t\t<div class=\"elementor-column elementor-col-33 elementor-top-column elementor-element elementor-element-60aa7ea\" data-id=\"60aa7ea\" data-element_type=\"column\">\n\t\t\t<div class=\"elementor-widget-wrap\">\n\t\t\t\t\t\t\t<\/div>\n\t\t<\/div>\n\t\t\t\t\t<\/div>\n\t\t<\/section>\n\t\t\t\t<section class=\"elementor-section elementor-top-section elementor-element elementor-element-b4099d5 elementor-section-boxed elementor-section-height-default elementor-section-height-default\" data-id=\"b4099d5\" data-element_type=\"section\">\n\t\t\t\t\t\t<div class=\"elementor-container elementor-column-gap-default\">\n\t\t\t\t\t<div class=\"elementor-column elementor-col-100 elementor-top-column elementor-element elementor-element-cc0f00f\" data-id=\"cc0f00f\" data-element_type=\"column\">\n\t\t\t<div class=\"elementor-widget-wrap elementor-element-populated\">\n\t\t\t\t\t\t<div class=\"elementor-element elementor-element-105fc2d sea3-spacer-l elementor-widget elementor-widget-sea3-spacer\" data-id=\"105fc2d\" data-element_type=\"widget\" data-widget_type=\"sea3-spacer.default\">\n\t\t\t\t<div class=\"elementor-widget-container\">\n\t\t\t\t\t        <div class=\"sea3-elementor-spacer elementor-spacer\">\n            <div class=\"sea3-elementor-spacer-inner elementor-spacer-inner\"><\/div>\n        <\/div>\n        \t\t\t\t<\/div>\n\t\t\t\t<\/div>\n\t\t\t\t\t<\/div>\n\t\t<\/div>\n\t\t\t\t\t<\/div>\n\t\t<\/section>\n\t\t\t\t<section class=\"elementor-section elementor-top-section elementor-element elementor-element-3f32bd0 elementor-section-boxed elementor-section-height-default elementor-section-height-default\" data-id=\"3f32bd0\" data-element_type=\"section\">\n\t\t\t\t\t\t<div class=\"elementor-container elementor-column-gap-default\">\n\t\t\t\t\t<div class=\"elementor-column elementor-col-50 elementor-top-column elementor-element elementor-element-744dfb9\" data-id=\"744dfb9\" data-element_type=\"column\" data-settings=\"{&quot;background_background&quot;:&quot;classic&quot;}\">\n\t\t\t<div class=\"elementor-widget-wrap elementor-element-populated\">\n\t\t\t\t\t\t<div class=\"elementor-element elementor-element-1132365 elementor-invisible elementor-widget elementor-widget-image\" data-id=\"1132365\" data-element_type=\"widget\" data-settings=\"{&quot;_animation&quot;:&quot;fadeInLeft&quot;}\" data-widget_type=\"image.default\">\n\t\t\t\t<div class=\"elementor-widget-container\">\n\t\t\t\t\t\t\t\t\t\t\t\t\t\t\t\t<a href=\"https:\/\/www.5amtag.de\/\">\n\t\t\t\t\t\t\t<img decoding=\"async\" src=\"https:\/\/www.vanwylick.de\/wp-content\/uploads\/5-am-tag-logo.svg?v=1614099188\" title=\"5-am-tag-logo\" alt=\"5-am-tag-logo\" loading=\"lazy\" \/>\t\t\t\t\t\t\t\t<\/a>\n\t\t\t\t\t\t\t\t\t\t\t\t\t\t\t<\/div>\n\t\t\t\t<\/div>\n\t\t\t\t\t<\/div>\n\t\t<\/div>\n\t\t\t\t<div class=\"elementor-column elementor-col-50 elementor-top-column elementor-element elementor-element-bb2a4be\" data-id=\"bb2a4be\" data-element_type=\"column\">\n\t\t\t<div class=\"elementor-widget-wrap elementor-element-populated\">\n\t\t\t\t\t\t<div class=\"elementor-element elementor-element-25ba976 elementor-invisible elementor-widget elementor-widget-text-editor\" data-id=\"25ba976\" data-element_type=\"widget\" data-settings=\"{&quot;_animation&quot;:&quot;fadeInRight&quot;}\" data-widget_type=\"text-editor.default\">\n\t\t\t\t<div class=\"elementor-widget-container\">\n\t\t\t\t\t\t\t\t\t<h4><span style=\"color: #9bc615;\">5 am Tag<\/span><\/h4><p><strong>Ziel der 5 am Tag-Kampagne ist eine Steigerung des Obst- und Gem\u00fcseverzehrs auf mindestens 650 Gramm am Tag.\u00a0 <\/strong><\/p><p>Mehrere wissenschaftliche Studien belegen, dass Menschen, die viel Obst und Gem\u00fcse essen, seltener an typischen Zivilisationskrankheiten\u00a0 erkranken.\u00a0<\/p><p>Die deutsche 5 am Tag-Kampagne ist ein gemeinn\u00fctziger eingetragener Verein. Auch uns liegt ihre Gesundheit am Herzen, daher unterst\u00fctzen wir den Verein \u201c5 am Tag\u201d mit unserer Mitgliedschaft.<\/p>\t\t\t\t\t\t\t\t<\/div>\n\t\t\t\t<\/div>\n\t\t\t\t\t<\/div>\n\t\t<\/div>\n\t\t\t\t\t<\/div>\n\t\t<\/section>\n\t\t\t\t<section class=\"elementor-section elementor-top-section elementor-element elementor-element-fde53de elementor-section-boxed elementor-section-height-default elementor-section-height-default\" data-id=\"fde53de\" data-element_type=\"section\">\n\t\t\t\t\t\t<div class=\"elementor-container elementor-column-gap-default\">\n\t\t\t\t\t<div class=\"elementor-column elementor-col-100 elementor-top-column elementor-element elementor-element-d944f1a\" data-id=\"d944f1a\" data-element_type=\"column\">\n\t\t\t<div class=\"elementor-widget-wrap elementor-element-populated\">\n\t\t\t\t\t\t<div class=\"elementor-element elementor-element-80f6bca sea3-spacer-s elementor-widget elementor-widget-sea3-spacer\" data-id=\"80f6bca\" data-element_type=\"widget\" data-widget_type=\"sea3-spacer.default\">\n\t\t\t\t<div class=\"elementor-widget-container\">\n\t\t\t\t\t        <div class=\"sea3-elementor-spacer elementor-spacer\">\n            <div class=\"sea3-elementor-spacer-inner elementor-spacer-inner\"><\/div>\n        <\/div>\n        \t\t\t\t<\/div>\n\t\t\t\t<\/div>\n\t\t\t\t\t<\/div>\n\t\t<\/div>\n\t\t\t\t\t<\/div>\n\t\t<\/section>\n\t\t\t\t<section class=\"elementor-section elementor-top-section elementor-element elementor-element-1a2604c elementor-section-boxed elementor-section-height-default elementor-section-height-default\" data-id=\"1a2604c\" data-element_type=\"section\">\n\t\t\t\t\t\t<div class=\"elementor-container elementor-column-gap-default\">\n\t\t\t\t\t<div class=\"elementor-column elementor-col-50 elementor-top-column elementor-element elementor-element-31ae217\" data-id=\"31ae217\" data-element_type=\"column\" data-settings=\"{&quot;background_background&quot;:&quot;classic&quot;}\">\n\t\t\t<div class=\"elementor-widget-wrap elementor-element-populated\">\n\t\t\t\t\t\t<div class=\"elementor-element elementor-element-bc2172a elementor-invisible elementor-widget elementor-widget-text-editor\" data-id=\"bc2172a\" data-element_type=\"widget\" data-settings=\"{&quot;_animation&quot;:&quot;fadeInRight&quot;}\" data-widget_type=\"text-editor.default\">\n\t\t\t\t<div class=\"elementor-widget-container\">\n\t\t\t\t\t\t\t\t\t<h4><span style=\"color: #9bc615;\">Foodsharing<\/span><\/h4>\n<p><strong>Seit 2012 rettet die foodsharing-Bewegung t\u00e4glich tonnenweise gute Lebensmittel vor dem M\u00fcll.&nbsp;&nbsp;<\/strong><\/p>\n<p><span style=\"font-size: 1.125rem;\">Wir verteilen sie ehrenamtlich und kostenfrei von privat zu privat im Bekanntenkreis, der Nachbarschaft, in Obdachlosenheimen, Schulen, Kinderg\u00e4rten und \u00fcber die Plattform foodsharing.de. \u00d6ffentlich zug\u00e4ngliche Regale und K\u00fchlschr\u00e4nke, sog. \u201eFair-Teiler\u201c, stehen allen zur Verf\u00fcgung. Inzwischen engagieren sich \u00fcber 130.000 Menschen ehrenamtlich als Foodsaver*innen, indem sie \u00fcberproduzierte Lebensmittel abholen und verteilen. Das geschieht kontinuierlich \u00fcber 6.000 Mal am Tag bei \u00fcber 13.000 Kooperationspartnern.<\/span><\/p>\t\t\t\t\t\t\t\t<\/div>\n\t\t\t\t<\/div>\n\t\t\t\t\t<\/div>\n\t\t<\/div>\n\t\t\t\t<div class=\"elementor-column elementor-col-50 elementor-top-column elementor-element elementor-element-393af1b\" data-id=\"393af1b\" data-element_type=\"column\">\n\t\t\t<div class=\"elementor-widget-wrap elementor-element-populated\">\n\t\t\t\t\t\t<div class=\"elementor-element elementor-element-d00a8df elementor-invisible elementor-widget elementor-widget-image\" data-id=\"d00a8df\" data-element_type=\"widget\" data-settings=\"{&quot;_animation&quot;:&quot;fadeInLeft&quot;}\" data-widget_type=\"image.default\">\n\t\t\t\t<div class=\"elementor-widget-container\">\n\t\t\t\t\t\t\t\t\t\t\t\t\t\t\t\t<a href=\"https:\/\/foodsharing.de\/\">\n\t\t\t\t\t\t\t<img decoding=\"async\" src=\"https:\/\/www.vanwylick.de\/wp-content\/uploads\/elementor\/thumbs\/logo-foodsharing-q97511ah9wwsjo6trznd58xwqx062ywn32j3twzaw8.png?v=1688974431\" title=\"Logo Foodsharing\" alt=\"Logo Foodsharing\" loading=\"lazy\" \/>\t\t\t\t\t\t\t\t<\/a>\n\t\t\t\t\t\t\t\t\t\t\t\t\t\t\t<\/div>\n\t\t\t\t<\/div>\n\t\t\t\t\t<\/div>\n\t\t<\/div>\n\t\t\t\t\t<\/div>\n\t\t<\/section>\n\t\t\t\t<section class=\"elementor-section elementor-top-section elementor-element elementor-element-4735cac elementor-section-boxed elementor-section-height-default elementor-section-height-default\" data-id=\"4735cac\" data-element_type=\"section\">\n\t\t\t\t\t\t<div class=\"elementor-container elementor-column-gap-default\">\n\t\t\t\t\t<div class=\"elementor-column elementor-col-100 elementor-top-column elementor-element elementor-element-a03036f\" data-id=\"a03036f\" data-element_type=\"column\">\n\t\t\t<div class=\"elementor-widget-wrap elementor-element-populated\">\n\t\t\t\t\t\t<div class=\"elementor-element elementor-element-e833941 sea3-spacer-s elementor-widget elementor-widget-sea3-spacer\" data-id=\"e833941\" data-element_type=\"widget\" data-widget_type=\"sea3-spacer.default\">\n\t\t\t\t<div class=\"elementor-widget-container\">\n\t\t\t\t\t        <div class=\"sea3-elementor-spacer elementor-spacer\">\n            <div class=\"sea3-elementor-spacer-inner elementor-spacer-inner\"><\/div>\n        <\/div>\n        \t\t\t\t<\/div>\n\t\t\t\t<\/div>\n\t\t\t\t\t<\/div>\n\t\t<\/div>\n\t\t\t\t\t<\/div>\n\t\t<\/section>\n\t\t\t\t<section class=\"elementor-section elementor-top-section elementor-element elementor-element-49bc78b elementor-reverse-mobile elementor-section-boxed elementor-section-height-default elementor-section-height-default\" data-id=\"49bc78b\" data-element_type=\"section\">\n\t\t\t\t\t\t<div class=\"elementor-container elementor-column-gap-default\">\n\t\t\t\t\t<div class=\"elementor-column elementor-col-50 elementor-top-column elementor-element elementor-element-4a93854\" data-id=\"4a93854\" data-element_type=\"column\">\n\t\t\t<div class=\"elementor-widget-wrap elementor-element-populated\">\n\t\t\t\t\t\t<div class=\"elementor-element elementor-element-577e9ca elementor-invisible elementor-widget elementor-widget-image\" data-id=\"577e9ca\" data-element_type=\"widget\" data-settings=\"{&quot;_animation&quot;:&quot;fadeInLeft&quot;}\" data-widget_type=\"image.default\">\n\t\t\t\t<div class=\"elementor-widget-container\">\n\t\t\t\t\t\t\t\t\t\t\t\t\t\t\t\t<a href=\"https:\/\/www.kinderprojekt-arche.de\/\">\n\t\t\t\t\t\t\t<img decoding=\"async\" src=\"https:\/\/www.vanwylick.de\/wp-content\/uploads\/elementor\/thumbs\/logo_spende_statt_geschenke_rot_weiss-rhcgd6tmeyy77yiy0b40tj81qt5p2tjtd9uuql7vbw.jpg?v=1767861752\" title=\"Logo_Spende_statt_Geschenke_rot_wei\u00df\" alt=\"Logo_Spende_statt_Geschenke_rot_wei\u00df\" loading=\"lazy\" \/>\t\t\t\t\t\t\t\t<\/a>\n\t\t\t\t\t\t\t\t\t\t\t\t\t\t\t<\/div>\n\t\t\t\t<\/div>\n\t\t\t\t\t<\/div>\n\t\t<\/div>\n\t\t\t\t<div class=\"elementor-column elementor-col-50 elementor-top-column elementor-element elementor-element-04f6243\" data-id=\"04f6243\" data-element_type=\"column\">\n\t\t\t<div class=\"elementor-widget-wrap elementor-element-populated\">\n\t\t\t\t\t\t<div class=\"elementor-element elementor-element-b11491c elementor-invisible elementor-widget elementor-widget-text-editor\" data-id=\"b11491c\" data-element_type=\"widget\" data-settings=\"{&quot;_animation&quot;:&quot;fadeInLeft&quot;}\" data-widget_type=\"text-editor.default\">\n\t\t\t\t<div class=\"elementor-widget-container\">\n\t\t\t\t\t\t\t\t\t<h4><span style=\"color: #9bc615;\"><strong>Die Arche<\/strong><\/span><\/h4><p><strong>Die Arche engagiert sich besonders f\u00fcr Kinder aus sozial benachteiligten Verh\u00e4ltnissen<\/strong>.<\/p><p>Begonnen 1995 in Berlin, sind sie mittlerweile an mehr als 30 Standorten in ganz Deutschland aktiv und erreichen \u00fcber 8.000 Kinder und Jugendliche mit ihren kostenlosen Angeboten. Sie unterst\u00fctzen Kinder und Jugendliche dabei ihre Potenziale zu entdecken, ihre Talente zu f\u00f6rdern und sie stark f\u00fcr ein selbst\u00e4ndiges Leben zu machen.<\/p>\t\t\t\t\t\t\t\t<\/div>\n\t\t\t\t<\/div>\n\t\t\t\t\t<\/div>\n\t\t<\/div>\n\t\t\t\t\t<\/div>\n\t\t<\/section>\n\t\t\t\t<section class=\"elementor-section elementor-top-section elementor-element elementor-element-db44d9f elementor-section-boxed elementor-section-height-default elementor-section-height-default\" data-id=\"db44d9f\" data-element_type=\"section\">\n\t\t\t\t\t\t<div class=\"elementor-container elementor-column-gap-default\">\n\t\t\t\t\t<div class=\"elementor-column elementor-col-100 elementor-top-column elementor-element elementor-element-98213b0\" data-id=\"98213b0\" data-element_type=\"column\">\n\t\t\t<div class=\"elementor-widget-wrap elementor-element-populated\">\n\t\t\t\t\t\t<div class=\"elementor-element elementor-element-f70c5f6 sea3-spacer-s elementor-widget elementor-widget-sea3-spacer\" data-id=\"f70c5f6\" data-element_type=\"widget\" data-widget_type=\"sea3-spacer.default\">\n\t\t\t\t<div class=\"elementor-widget-container\">\n\t\t\t\t\t        <div class=\"sea3-elementor-spacer elementor-spacer\">\n            <div class=\"sea3-elementor-spacer-inner elementor-spacer-inner\"><\/div>\n        <\/div>\n        \t\t\t\t<\/div>\n\t\t\t\t<\/div>\n\t\t\t\t\t<\/div>\n\t\t<\/div>\n\t\t\t\t\t<\/div>\n\t\t<\/section>\n\t\t\t\t<section class=\"elementor-section elementor-top-section elementor-element elementor-element-3a55ddd elementor-reverse-mobile elementor-section-boxed elementor-section-height-default elementor-section-height-default\" data-id=\"3a55ddd\" data-element_type=\"section\">\n\t\t\t\t\t\t<div class=\"elementor-container elementor-column-gap-default\">\n\t\t\t\t\t<div class=\"elementor-column elementor-col-50 elementor-top-column elementor-element elementor-element-7856495\" data-id=\"7856495\" data-element_type=\"column\">\n\t\t\t<div class=\"elementor-widget-wrap elementor-element-populated\">\n\t\t\t\t\t\t<div class=\"elementor-element elementor-element-40ba900 elementor-invisible elementor-widget elementor-widget-text-editor\" data-id=\"40ba900\" data-element_type=\"widget\" data-settings=\"{&quot;_animation&quot;:&quot;fadeInLeft&quot;}\" data-widget_type=\"text-editor.default\">\n\t\t\t\t<div class=\"elementor-widget-container\">\n\t\t\t\t\t\t\t\t\t<h4><span style=\"color: #9bc615;\"><strong>Kompass D<\/strong><\/span><\/h4><p><strong>Kompass D startete als Unternehmerinitiative im Rhein-Kreis und der Stadt Neuss und erm\u00f6glicht die Integration junger Migrant:innen aus Krisenl\u00e4ndern. <\/strong><\/p><p>Durch zielgerichtete F\u00f6rderung wird Jugendlichen zwischen 15 und 18 Jahren die M\u00f6glichkeit offengelegt, einen Ausbildungsplatz zu bekommen.<\/p><p>Jugendliche und Erwachsene werden zus\u00e4tzlich zum Schulunterricht individuell gef\u00f6rdert, um ihnen neue Perspektiven aufzuzeigen. Hinter dieser Idee steht auch vanWylick.<\/p>\t\t\t\t\t\t\t\t<\/div>\n\t\t\t\t<\/div>\n\t\t\t\t\t<\/div>\n\t\t<\/div>\n\t\t\t\t<div class=\"elementor-column elementor-col-50 elementor-top-column elementor-element elementor-element-d2b823d\" data-id=\"d2b823d\" data-element_type=\"column\">\n\t\t\t<div class=\"elementor-widget-wrap elementor-element-populated\">\n\t\t\t\t\t\t<div class=\"elementor-element elementor-element-e6b404e elementor-invisible elementor-widget elementor-widget-image\" data-id=\"e6b404e\" data-element_type=\"widget\" data-settings=\"{&quot;_animation&quot;:&quot;fadeInLeft&quot;}\" data-widget_type=\"image.default\">\n\t\t\t\t<div class=\"elementor-widget-container\">\n\t\t\t\t\t\t\t\t\t\t\t\t\t\t\t\t<a href=\"http:\/\/www.kompassd.de\/\">\n\t\t\t\t\t\t\t<img loading=\"lazy\" decoding=\"async\" width=\"327\" height=\"192\" src=\"https:\/\/www.vanwylick.de\/wp-content\/uploads\/kompass_d.png?v=1614789271\" class=\"attachment-medium_large size-medium_large wp-image-1102\" alt=\"\" srcset=\"https:\/\/www.vanwylick.de\/wp-content\/uploads\/kompass_d.png 327w, https:\/\/www.vanwylick.de\/wp-content\/uploads\/kompass_d-150x88.png 150w, https:\/\/www.vanwylick.de\/wp-content\/uploads\/kompass_d-150x88@2x.png 300w\" sizes=\"(max-width: 327px) 100vw, 327px\" \/>\t\t\t\t\t\t\t\t<\/a>\n\t\t\t\t\t\t\t\t\t\t\t\t\t\t\t<\/div>\n\t\t\t\t<\/div>\n\t\t\t\t\t<\/div>\n\t\t<\/div>\n\t\t\t\t\t<\/div>\n\t\t<\/section>\n\t\t\t\t<section class=\"elementor-section elementor-top-section elementor-element elementor-element-7d6461d elementor-section-boxed elementor-section-height-default elementor-section-height-default\" data-id=\"7d6461d\" data-element_type=\"section\">\n\t\t\t\t\t\t<div class=\"elementor-container elementor-column-gap-default\">\n\t\t\t\t\t<div class=\"elementor-column elementor-col-100 elementor-top-column elementor-element elementor-element-87526eb\" data-id=\"87526eb\" data-element_type=\"column\">\n\t\t\t<div class=\"elementor-widget-wrap elementor-element-populated\">\n\t\t\t\t\t\t<div class=\"elementor-element elementor-element-d792e05 elementor-widget-divider--view-line elementor-widget elementor-widget-divider\" data-id=\"d792e05\" data-element_type=\"widget\" data-widget_type=\"divider.default\">\n\t\t\t\t<div class=\"elementor-widget-container\">\n\t\t\t\t\t\t\t<div class=\"elementor-divider\">\n\t\t\t<span class=\"elementor-divider-separator\">\n\t\t\t\t\t\t<\/span>\n\t\t<\/div>\n\t\t\t\t\t\t<\/div>\n\t\t\t\t<\/div>\n\t\t\t\t\t<\/div>\n\t\t<\/div>\n\t\t\t\t\t<\/div>\n\t\t<\/section>\n\t\t\t\t<section class=\"elementor-section elementor-top-section elementor-element elementor-element-21a6908 elementor-section-boxed elementor-section-height-default elementor-section-height-default\" data-id=\"21a6908\" data-element_type=\"section\">\n\t\t\t\t\t\t<div class=\"elementor-container elementor-column-gap-default\">\n\t\t\t\t\t<div class=\"elementor-column elementor-col-100 elementor-top-column elementor-element elementor-element-0d3ba93\" data-id=\"0d3ba93\" data-element_type=\"column\">\n\t\t\t<div class=\"elementor-widget-wrap elementor-element-populated\">\n\t\t\t\t\t\t<div class=\"elementor-element elementor-element-c7e6a7d elementor-widget elementor-widget-heading\" data-id=\"c7e6a7d\" data-element_type=\"widget\" data-settings=\"{&quot;_animation&quot;:&quot;none&quot;}\" data-widget_type=\"heading.default\">\n\t\t\t\t<div class=\"elementor-widget-container\">\n\t\t\t\t\t<h2 class=\"default elementor-heading-title elementor-size-default\">Verhaltenskodex<\/h2>\t\t\t\t<\/div>\n\t\t\t\t<\/div>\n\t\t\t\t\t<\/div>\n\t\t<\/div>\n\t\t\t\t\t<\/div>\n\t\t<\/section>\n\t\t\t\t<section class=\"elementor-section elementor-top-section elementor-element elementor-element-2e4a89c elementor-section-boxed elementor-section-height-default elementor-section-height-default\" data-id=\"2e4a89c\" data-element_type=\"section\">\n\t\t\t\t\t\t<div class=\"elementor-container elementor-column-gap-default\">\n\t\t\t\t\t<div class=\"elementor-column elementor-col-33 elementor-top-column elementor-element elementor-element-7361513\" data-id=\"7361513\" data-element_type=\"column\">\n\t\t\t<div class=\"elementor-widget-wrap elementor-element-populated\">\n\t\t\t\t\t\t<div class=\"elementor-element elementor-element-2bd3dfc elementor-widget elementor-widget-text-editor\" data-id=\"2bd3dfc\" data-element_type=\"widget\" data-widget_type=\"text-editor.default\">\n\t\t\t\t<div class=\"elementor-widget-container\">\n\t\t\t\t\t\t\t\t\t<h2><span style=\"color: #9bc615;\">Partnerschaft,<\/span><br \/><span style=\"color: #9bc615;\">Respekt &amp;\u00a0<\/span><br \/><span style=\"color: #9bc615;\">Offenheit.<\/span><\/h2>\t\t\t\t\t\t\t\t<\/div>\n\t\t\t\t<\/div>\n\t\t\t\t\t<\/div>\n\t\t<\/div>\n\t\t\t\t<div class=\"elementor-column elementor-col-33 elementor-top-column elementor-element elementor-element-fe4d001\" data-id=\"fe4d001\" data-element_type=\"column\">\n\t\t\t<div class=\"elementor-widget-wrap elementor-element-populated\">\n\t\t\t\t\t\t<div class=\"elementor-element elementor-element-99b9574 sea3-spacer-xl elementor-widget elementor-widget-sea3-spacer\" data-id=\"99b9574\" data-element_type=\"widget\" data-widget_type=\"sea3-spacer.default\">\n\t\t\t\t<div class=\"elementor-widget-container\">\n\t\t\t\t\t        <div class=\"sea3-elementor-spacer elementor-spacer\">\n            <div class=\"sea3-elementor-spacer-inner elementor-spacer-inner\"><\/div>\n        <\/div>\n        \t\t\t\t<\/div>\n\t\t\t\t<\/div>\n\t\t\t\t\t<\/div>\n\t\t<\/div>\n\t\t\t\t<div class=\"elementor-column elementor-col-33 elementor-top-column elementor-element elementor-element-007ba8b\" data-id=\"007ba8b\" data-element_type=\"column\">\n\t\t\t<div class=\"elementor-widget-wrap elementor-element-populated\">\n\t\t\t\t\t\t<div class=\"elementor-element elementor-element-2d7f60b elementor-widget elementor-widget-text-editor\" data-id=\"2d7f60b\" data-element_type=\"widget\" data-widget_type=\"text-editor.default\">\n\t\t\t\t<div class=\"elementor-widget-container\">\n\t\t\t\t\t\t\t\t\t<h4><span style=\"color: #9bc615;\">vanWylick Verhaltenskodex<\/span><\/h4><p><strong>Um die gesch\u00e4ftlichen Aktivit\u00e4ten der vanWylick Gruppe nach innen und au\u00dfen zu regeln hat die Gesch\u00e4ftsleitung einen Verhaltenskodex entwickelt, der f\u00fcr alle Mitarbeiter:innen verbindlich gilt. <\/strong><\/p><p>Er fu\u00dft auf dem Leitbild der Fruchtimport vanWylick GmbH und den Gesch\u00e4ftsgrunds\u00e4tzen, die auf Partnerschaft, Respekt und Offenheit beruhen.<\/p><p><span style=\"color: #9bc615;\"><strong>Sie haben Fragen?<\/strong><\/span><\/p>\t\t\t\t\t\t\t\t<\/div>\n\t\t\t\t<\/div>\n\t\t\t\t<div class=\"elementor-element elementor-element-0afef32 elementor-align-left elementor-widget elementor-widget-button\" data-id=\"0afef32\" data-element_type=\"widget\" data-widget_type=\"button.default\">\n\t\t\t\t<div class=\"elementor-widget-container\">\n\t\t\t\t\t\t\t\t\t<div class=\"elementor-button-wrapper\">\n\t\t\t\t\t<a class=\"elementor-button mail elementor-button-link elementor-size-sm elementor-animation-grow\" href=\"http:\/\/compliance--at--vanwylick.de\" rel=\"nofollow\">\n\t\t\t\t\t\t<span class=\"elementor-button-content-wrapper\">\n\t\t\t\t\t\t\t\t\t<span class=\"elementor-button-text\">Kontaktieren Sie uns<\/span>\n\t\t\t\t\t<\/span>\n\t\t\t\t\t<\/a>\n\t\t\t\t<\/div>\n\t\t\t\t\t\t\t\t<\/div>\n\t\t\t\t<\/div>\n\t\t\t\t<div class=\"elementor-element elementor-element-fdcae97 elementor-align-left elementor-tablet-align-left elementor-widget elementor-widget-button\" data-id=\"fdcae97\" data-element_type=\"widget\" data-widget_type=\"button.default\">\n\t\t\t\t<div class=\"elementor-widget-container\">\n\t\t\t\t\t\t\t\t\t<div class=\"elementor-button-wrapper\">\n\t\t\t\t\t<a class=\"elementor-button elementor-button-link elementor-size-sm\" href=\"https:\/\/www.vanwylick.de\/wp-content\/uploads\/verhaltenskodex-fuer-mitarbeiter_version_2025_.pdf\" target=\"_blank\">\n\t\t\t\t\t\t<span class=\"elementor-button-content-wrapper\">\n\t\t\t\t\t\t<span class=\"elementor-button-icon\">\n\t\t\t\t<i aria-hidden=\"true\" class=\"far fa-file-pdf\"><\/i>\t\t\t<\/span>\n\t\t\t\t\t\t\t\t\t<span class=\"elementor-button-text\">Download Verhaltenskodex I PDF<\/span>\n\t\t\t\t\t<\/span>\n\t\t\t\t\t<\/a>\n\t\t\t\t<\/div>\n\t\t\t\t\t\t\t\t<\/div>\n\t\t\t\t<\/div>\n\t\t\t\t\t<\/div>\n\t\t<\/div>\n\t\t\t\t\t<\/div>\n\t\t<\/section>\n\t\t\t\t<section class=\"elementor-section elementor-top-section elementor-element elementor-element-c9005a1 elementor-section-boxed elementor-section-height-default elementor-section-height-default\" data-id=\"c9005a1\" data-element_type=\"section\">\n\t\t\t\t\t\t<div class=\"elementor-container elementor-column-gap-default\">\n\t\t\t\t\t<div class=\"elementor-column elementor-col-100 elementor-top-column elementor-element elementor-element-0385353\" data-id=\"0385353\" data-element_type=\"column\">\n\t\t\t<div class=\"elementor-widget-wrap elementor-element-populated\">\n\t\t\t\t\t\t<div class=\"elementor-element elementor-element-b1702cf sea3-spacer-l elementor-widget elementor-widget-sea3-spacer\" data-id=\"b1702cf\" data-element_type=\"widget\" data-widget_type=\"sea3-spacer.default\">\n\t\t\t\t<div class=\"elementor-widget-container\">\n\t\t\t\t\t        <div class=\"sea3-elementor-spacer elementor-spacer\">\n            <div class=\"sea3-elementor-spacer-inner elementor-spacer-inner\"><\/div>\n        <\/div>\n        \t\t\t\t<\/div>\n\t\t\t\t<\/div>\n\t\t\t\t\t<\/div>\n\t\t<\/div>\n\t\t\t\t\t<\/div>\n\t\t<\/section>\n\t\t\t\t<section class=\"elementor-section elementor-top-section elementor-element elementor-element-a2ad022 elementor-section-boxed elementor-section-height-default elementor-section-height-default\" data-id=\"a2ad022\" data-element_type=\"section\">\n\t\t\t\t\t\t<div class=\"elementor-container elementor-column-gap-default\">\n\t\t\t\t\t<div class=\"elementor-column elementor-col-66 elementor-top-column elementor-element elementor-element-8201672\" data-id=\"8201672\" data-element_type=\"column\">\n\t\t\t<div class=\"elementor-widget-wrap elementor-element-populated\">\n\t\t\t\t\t\t<div class=\"elementor-element elementor-element-dd8f759 elementor-widget elementor-widget-text-editor\" data-id=\"dd8f759\" data-element_type=\"widget\" data-widget_type=\"text-editor.default\">\n\t\t\t\t<div class=\"elementor-widget-container\">\n\t\t\t\t\t\t\t\t\t<h4><span style=\"color: #9bc615;\">Deutscher Fruchthandelsverband-Verhaltenskodex<\/span><\/h4><p>vanWylick hat sich verpflichtet, den DFHV Deutscher Fruchthandelsverband-Verhaltenskodex zur Ber\u00fccksichtigung von Sozialstandards einzuhalten und bei seinen Lieferant:innen durchzusetzen:<\/p><ul><li>Verbot von Zwangs- und Kinderarbeit<\/li><li>Keine Diskriminierungen<\/li><li>Einhaltung von international anerkannten Gesundheits- und Sicherheitsstandards<\/li><li>Recht auf freie Organisation der Arbeitnehmer:innen uvm.<\/li><\/ul>\t\t\t\t\t\t\t\t<\/div>\n\t\t\t\t<\/div>\n\t\t\t\t\t<\/div>\n\t\t<\/div>\n\t\t\t\t<div class=\"elementor-column elementor-col-33 elementor-top-column elementor-element elementor-element-1b6d067\" data-id=\"1b6d067\" data-element_type=\"column\">\n\t\t\t<div class=\"elementor-widget-wrap\">\n\t\t\t\t\t\t\t<\/div>\n\t\t<\/div>\n\t\t\t\t\t<\/div>\n\t\t<\/section>\n\t\t\t\t<section class=\"elementor-section elementor-top-section elementor-element elementor-element-0bc339d elementor-section-boxed elementor-section-height-default elementor-section-height-default\" data-id=\"0bc339d\" data-element_type=\"section\">\n\t\t\t\t\t\t<div class=\"elementor-container elementor-column-gap-default\">\n\t\t\t\t\t<div class=\"elementor-column elementor-col-100 elementor-top-column elementor-element elementor-element-4c73411\" data-id=\"4c73411\" data-element_type=\"column\">\n\t\t\t<div class=\"elementor-widget-wrap elementor-element-populated\">\n\t\t\t\t\t\t<div class=\"elementor-element elementor-element-5d629d1 sea3-spacer-l elementor-widget elementor-widget-sea3-spacer\" data-id=\"5d629d1\" data-element_type=\"widget\" data-widget_type=\"sea3-spacer.default\">\n\t\t\t\t<div class=\"elementor-widget-container\">\n\t\t\t\t\t        <div class=\"sea3-elementor-spacer elementor-spacer\">\n            <div class=\"sea3-elementor-spacer-inner elementor-spacer-inner\"><\/div>\n        <\/div>\n        \t\t\t\t<\/div>\n\t\t\t\t<\/div>\n\t\t\t\t\t<\/div>\n\t\t<\/div>\n\t\t\t\t\t<\/div>\n\t\t<\/section>\n\t\t\t\t<section class=\"elementor-section elementor-top-section elementor-element elementor-element-75fe7b1 elementor-section-height-min-height elementor-section-stretched elementor-section-boxed elementor-section-height-default elementor-section-items-middle\" data-id=\"75fe7b1\" data-element_type=\"section\" data-settings=\"{&quot;stretch_section&quot;:&quot;section-stretched&quot;,&quot;background_background&quot;:&quot;slideshow&quot;,&quot;background_slideshow_gallery&quot;:[{&quot;id&quot;:312,&quot;url&quot;:&quot;https:\\\/\\\/www.vanwylick.de\\\/wp-content\\\/uploads\\\/shutterstock_550376371.jpg&quot;},{&quot;id&quot;:1703,&quot;url&quot;:&quot;https:\\\/\\\/www.vanwylick.de\\\/wp-content\\\/uploads\\\/traubenplantage.jpg&quot;},{&quot;id&quot;:1707,&quot;url&quot;:&quot;https:\\\/\\\/www.vanwylick.de\\\/wp-content\\\/uploads\\\/img_7928.jpg&quot;},{&quot;id&quot;:1709,&quot;url&quot;:&quot;https:\\\/\\\/www.vanwylick.de\\\/wp-content\\\/uploads\\\/img_8556.jpg&quot;}],&quot;background_slideshow_slide_duration&quot;:3500,&quot;background_slideshow_loop&quot;:&quot;yes&quot;,&quot;background_slideshow_slide_transition&quot;:&quot;fade&quot;,&quot;background_slideshow_transition_duration&quot;:500}\">\n\t\t\t\t\t\t<div class=\"elementor-container elementor-column-gap-default\">\n\t\t\t\t\t<div class=\"elementor-column elementor-col-100 elementor-top-column elementor-element elementor-element-914dbb1\" data-id=\"914dbb1\" data-element_type=\"column\">\n\t\t\t<div class=\"elementor-widget-wrap\">\n\t\t\t\t\t\t\t<\/div>\n\t\t<\/div>\n\t\t\t\t\t<\/div>\n\t\t<\/section>\n\t\t\t\t<section class=\"elementor-section elementor-top-section elementor-element elementor-element-760c772 elementor-section-boxed elementor-section-height-default elementor-section-height-default\" data-id=\"760c772\" data-element_type=\"section\">\n\t\t\t\t\t\t<div class=\"elementor-container elementor-column-gap-default\">\n\t\t\t\t\t<div class=\"elementor-column elementor-col-100 elementor-top-column elementor-element elementor-element-d39f1be\" data-id=\"d39f1be\" data-element_type=\"column\">\n\t\t\t<div class=\"elementor-widget-wrap elementor-element-populated\">\n\t\t\t\t\t\t<div class=\"elementor-element elementor-element-e19dc86 sea3-spacer-l elementor-widget elementor-widget-sea3-spacer\" data-id=\"e19dc86\" data-element_type=\"widget\" data-widget_type=\"sea3-spacer.default\">\n\t\t\t\t<div class=\"elementor-widget-container\">\n\t\t\t\t\t        <div class=\"sea3-elementor-spacer elementor-spacer\">\n            <div class=\"sea3-elementor-spacer-inner elementor-spacer-inner\"><\/div>\n        <\/div>\n        \t\t\t\t<\/div>\n\t\t\t\t<\/div>\n\t\t\t\t\t<\/div>\n\t\t<\/div>\n\t\t\t\t\t<\/div>\n\t\t<\/section>\n\t\t\t\t<\/div>\n\t\t","protected":false},"excerpt":{"rendered":"<p>Wir engagieren uns. Unsere Verantwortung und Nachhaltigkeit Unser Engagement f\u00fcr Gesundheit geht \u00fcber die Lieferung hinaus In unserem unternehmerischen Alltag achten wir stets auf einen sozialen Umgang mit und unter unseren Mitarbeiter:innen, sowie einen pflichtbewussten Umgang mit unserer Umwelt. Daher \u00fcbernehmen wir auch \u00fcber unsere Unternehmensgrenzen hinaus Verantwortung. Nachhaltigkeitsbericht Die Fruchtimport vanWylick Gruppe f\u00fchlt sich [&hellip;]<\/p>\n","protected":false},"author":1,"featured_media":0,"parent":0,"menu_order":7,"comment_status":"closed","ping_status":"closed","template":"","meta":{"_seopress_robots_primary_cat":"","_seopress_titles_title":"","_seopress_titles_desc":"","_seopress_robots_index":"","footnotes":""},"class_list":["post-734","page","type-page","status-publish","hentry"],"_links":{"self":[{"href":"https:\/\/www.vanwylick.de\/de\/wp-json\/wp\/v2\/pages\/734","targetHints":{"allow":["GET"]}}],"collection":[{"href":"https:\/\/www.vanwylick.de\/de\/wp-json\/wp\/v2\/pages"}],"about":[{"href":"https:\/\/www.vanwylick.de\/de\/wp-json\/wp\/v2\/types\/page"}],"author":[{"embeddable":true,"href":"https:\/\/www.vanwylick.de\/de\/wp-json\/wp\/v2\/users\/1"}],"replies":[{"embeddable":true,"href":"https:\/\/www.vanwylick.de\/de\/wp-json\/wp\/v2\/comments?post=734"}],"version-history":[{"count":220,"href":"https:\/\/www.vanwylick.de\/de\/wp-json\/wp\/v2\/pages\/734\/revisions"}],"predecessor-version":[{"id":4165,"href":"https:\/\/www.vanwylick.de\/de\/wp-json\/wp\/v2\/pages\/734\/revisions\/4165"}],"wp:attachment":[{"href":"https:\/\/www.vanwylick.de\/de\/wp-json\/wp\/v2\/media?parent=734"}],"curies":[{"name":"wp","href":"https:\/\/api.w.org\/{rel}","templated":true}]}}