{"id":2103,"date":"2021-04-23T15:55:43","date_gmt":"2021-04-23T13:55:43","guid":{"rendered":"https:\/\/p-gccz55.project.space\/?page_id=2103"},"modified":"2024-03-19T14:47:53","modified_gmt":"2024-03-19T13:47:53","slug":"datenschutz","status":"publish","type":"page","link":"https:\/\/www.vanwylick.de\/de\/datenschutz\/","title":{"rendered":"Datenschutz"},"content":{"rendered":"\t\t<div data-elementor-type=\"wp-page\" data-elementor-id=\"2103\" class=\"elementor elementor-2103\" data-elementor-post-type=\"page\">\n\t\t\t\t\t\t<section class=\"elementor-section elementor-top-section elementor-element elementor-element-e923a00 elementor-section-boxed elementor-section-height-default elementor-section-height-default\" data-id=\"e923a00\" data-element_type=\"section\">\n\t\t\t\t\t\t<div class=\"elementor-container elementor-column-gap-default\">\n\t\t\t\t\t<div class=\"elementor-column elementor-col-66 elementor-top-column elementor-element elementor-element-f47a9cc\" data-id=\"f47a9cc\" data-element_type=\"column\">\n\t\t\t<div class=\"elementor-widget-wrap elementor-element-populated\">\n\t\t\t\t\t\t<div class=\"elementor-element elementor-element-b3fa9ac sea3-spacer-l elementor-widget elementor-widget-sea3-spacer\" data-id=\"b3fa9ac\" data-element_type=\"widget\" data-widget_type=\"sea3-spacer.default\">\n\t\t\t\t<div class=\"elementor-widget-container\">\n\t\t\t\t\t        <div class=\"sea3-elementor-spacer elementor-spacer\">\n            <div class=\"sea3-elementor-spacer-inner elementor-spacer-inner\"><\/div>\n        <\/div>\n        \t\t\t\t<\/div>\n\t\t\t\t<\/div>\n\t\t\t\t<div class=\"elementor-element elementor-element-f9dd24c elementor-widget elementor-widget-heading\" data-id=\"f9dd24c\" data-element_type=\"widget\" data-widget_type=\"heading.default\">\n\t\t\t\t<div class=\"elementor-widget-container\">\n\t\t\t\t\t<h1 class=\"default elementor-heading-title elementor-size-default\">Datenschutzerkl\u00e4rung<\/h1>\t\t\t\t<\/div>\n\t\t\t\t<\/div>\n\t\t\t\t<section class=\"elementor-section elementor-inner-section elementor-element elementor-element-8d92370 elementor-section-boxed elementor-section-height-default elementor-section-height-default\" data-id=\"8d92370\" data-element_type=\"section\">\n\t\t\t\t\t\t<div class=\"elementor-container elementor-column-gap-default\">\n\t\t\t\t\t<div class=\"elementor-column elementor-col-100 elementor-inner-column elementor-element elementor-element-fd6efec\" data-id=\"fd6efec\" data-element_type=\"column\">\n\t\t\t<div class=\"elementor-widget-wrap elementor-element-populated\">\n\t\t\t\t\t\t<div class=\"elementor-element elementor-element-5d53112 elementor-widget elementor-widget-text-editor\" data-id=\"5d53112\" data-element_type=\"widget\" data-widget_type=\"text-editor.default\">\n\t\t\t\t<div class=\"elementor-widget-container\">\n\t\t\t\t\t\t\t\t\t<p>Wir nehmen den Schutz Ihrer pers\u00f6nlichen Daten sehr ernst. Wir behandeln Ihre personenbezogenen Daten vertraulich und entsprechend der gesetzlichen Datenschutzvorschriften, der Datenschutz-Grundverordnung (EU-DSGVO) sowie dieser Datenschutzerkl\u00e4rung. Soweit m\u00f6glich, vermeiden wir das Erheben personenbezogener Daten im Rahmen unserer Gesch\u00e4ftst\u00e4tigkeit, so auch beim Betrieb dieser Webseite.<\/p><p>Die Nutzung unserer Webseite ist grunds\u00e4tzlich ohne Angabe personenbezogener Daten m\u00f6glich. Es handelt sich bei unserer Webseite um ein Informationsangebot.<\/p><p>Wir weisen darauf hin, dass die Daten\u00fcbertragung im Internet Sicherheitsl\u00fccken aufweisen kann. Ein l\u00fcckenloser Schutz der Daten vor dem Zugriff durch Dritte, ist durch uns nicht m\u00f6glich.<\/p>\t\t\t\t\t\t\t\t<\/div>\n\t\t\t\t<\/div>\n\t\t\t\t<div class=\"elementor-element elementor-element-e68fd54 elementor-widget elementor-widget-text-editor\" data-id=\"e68fd54\" data-element_type=\"widget\" data-widget_type=\"text-editor.default\">\n\t\t\t\t<div class=\"elementor-widget-container\">\n\t\t\t\t\t\t\t\t\t<h4>Beim Besuch dieser Webseite<\/h4><p>Beim Aufrufen unserer Website <a href=\"https:\/\/www.vanwylick.de\">www.vanwylick.de<\/a> werden durch den auf Ihrem Endger\u00e4t zum Einsatz kommenden Browser automatisch Informationen an den Server unserer Website gesendet. Diese Informationen werden tempor\u00e4r in einem sog. Logfile gespeichert. Folgende Informationen werden dabei ohne Ihr Zutun erfasst und bis zur automatisierten L\u00f6schung gespeichert:<\/p><ul><li>IP-Adresse des anfragenden Rechners,<\/li><li>Datum und Uhrzeit des Zugriffs,<\/li><li>Name und URL der abgerufenen Datei,<\/li><li>Website, von der aus der Zugriff erfolgt (Referrer-URL),<\/li><li>verwendeter Browser und ggf. das Betriebssystem Ihres Rechners sowie der Name Ihres Access-Providers.<\/li><\/ul>\t\t\t\t\t\t\t\t<\/div>\n\t\t\t\t<\/div>\n\t\t\t\t<div class=\"elementor-element elementor-element-8013dcc elementor-widget elementor-widget-text-editor\" data-id=\"8013dcc\" data-element_type=\"widget\" data-widget_type=\"text-editor.default\">\n\t\t\t\t<div class=\"elementor-widget-container\">\n\t\t\t\t\t\t\t\t\t<h4>Die genannten Daten werden durch uns zu folgenden Zwecken verarbeitet:<\/h4><ul><li>Gew\u00e4hrleistung eines reibungslosen Verbindungsaufbaus der Website,<\/li><li>Gew\u00e4hrleistung einer komfortablen Nutzung unserer Website,<\/li><li>Auswertung der Systemsicherheit und -stabilit\u00e4t sowie<\/li><li>zu weiteren administrativen Zwecken.<\/li><\/ul><p>Die Rechtsgrundlage f\u00fcr die Datenverarbeitung ist Art. 6 Abs. 1 S. 1 lit. f DSGVO. Unser berechtigtes Interesse folgt aus oben aufgelisteten Zwecken zur Datenerhebung. In keinem Fall verwenden wir die erhobenen Daten zu dem Zweck, R\u00fcckschl\u00fcsse auf Ihre Person zu ziehen.<\/p>\t\t\t\t\t\t\t\t<\/div>\n\t\t\t\t<\/div>\n\t\t\t\t<div class=\"elementor-element elementor-element-aa2f06a elementor-widget elementor-widget-text-editor\" data-id=\"aa2f06a\" data-element_type=\"widget\" data-widget_type=\"text-editor.default\">\n\t\t\t\t<div class=\"elementor-widget-container\">\n\t\t\t\t\t\t\t\t\t<h4>Weitergabe von personenbezogen Daten<\/h4><p>Eine Weitergabe von personenbezogenen Daten erfolgt im Rahmen dieser Webseite nur bei einer digitalen Bewerbung (<a href=\"https:\/\/vanwylick.de\/jobs\/\">https:\/\/vanwylick.de\/jobs\/<\/a>). In diesem Fall stellen Sie uns pers\u00f6nliche Daten per E-Mail an <a class=\"mail\" href=\"bewerbung--at--vanwylick.de\" rel=\"nofollow\">bewerbung&#8211;at&#8211;vanwylick.de<\/a> zur Verf\u00fcgung. Wir nutzen Ihre Informationen nur f\u00fcr den expliziten Zweck dieser Bewerbung und geben diese nur intern weiter. Eine Weitergabe an betriebsfremde Dritte erfolgt nicht. Wir haben auf unserer Webseite auf ein Kontaktformular verzichtet, so dass Sie selber bestimmen welche Daten Sie uns per E-Mail zur Verf\u00fcgung stellen. Wir m\u00f6chten an dieser Stelle auch auf Ihre Betroffenenrechte gem. EU-DSGVO hinweisen und hierbei insbesondere auf Ihr Widerspruchsrecht.<\/p><p>Bitte beachten Sie, dass wir zur Schaltung von Stellenanzeigen auch Recruiting-Portale (z.B. <a href=\"https:\/\/www.indeed.de\">www.indeed.de<\/a>) benutzen. Setzen Sie die Kontaktformulare dieser Portale ein, dann weisen wir hiermit darauf hin, dass Sie Ihre pers\u00f6nlichen Informationen ggf. auch dem jeweiligen Portal-Betreiber zur Verf\u00fcgung stellen.\u00a0Bitte beachten Sie an dieser Stelle auch die Datenschutzhinweise der Portal-Betreiber.<\/p>\t\t\t\t\t\t\t\t<\/div>\n\t\t\t\t<\/div>\n\t\t\t\t<div class=\"elementor-element elementor-element-dde1aa9 elementor-widget elementor-widget-text-editor\" data-id=\"dde1aa9\" data-element_type=\"widget\" data-widget_type=\"text-editor.default\">\n\t\t\t\t<div class=\"elementor-widget-container\">\n\t\t\t\t\t\t\t\t\t<h4>Cookies<\/h4><p>Diese Webseite verwendet keine Cookies in den f\u00fcr Besucher zug\u00e4nglichen Seiten.\u00a0Auf unserer Seite wird lediglich ein Sicherheits-Cookie bei der Anmeldung von Administratoren gesetzt.<\/p>\t\t\t\t\t\t\t\t<\/div>\n\t\t\t\t<\/div>\n\t\t\t\t<div class=\"elementor-element elementor-element-bf25994 elementor-widget elementor-widget-text-editor\" data-id=\"bf25994\" data-element_type=\"widget\" data-widget_type=\"text-editor.default\">\n\t\t\t\t<div class=\"elementor-widget-container\">\n\t\t\t\t\t\t\t\t\t<h4>Google Analytics<\/h4><p>Diese Webseite nutzt keine Funktionen des Webanalysedienstes Google Analytics.<\/p>\t\t\t\t\t\t\t\t<\/div>\n\t\t\t\t<\/div>\n\t\t\t\t<div class=\"elementor-element elementor-element-7bed551 elementor-widget elementor-widget-text-editor\" data-id=\"7bed551\" data-element_type=\"widget\" data-widget_type=\"text-editor.default\">\n\t\t\t\t<div class=\"elementor-widget-container\">\n\t\t\t\t\t\t\t\t\t<h4>Google AdWords und Google Conversion Tracking<\/h4><p>Diese Webseite verwendet kein Google AdWords.<\/p>\t\t\t\t\t\t\t\t<\/div>\n\t\t\t\t<\/div>\n\t\t\t\t<div class=\"elementor-element elementor-element-0db5236 elementor-widget elementor-widget-text-editor\" data-id=\"0db5236\" data-element_type=\"widget\" data-widget_type=\"text-editor.default\">\n\t\t\t\t<div class=\"elementor-widget-container\">\n\t\t\t\t\t\t\t\t\t<h4>Google Maps API<\/h4><p>Wir stellen auf unserer Webseite Karten \u00fcber die Google Maps API dar. An dieser Stelle erfolgt kein Tracking von Browserdaten durch uns. Der Anbieter dieses Dienstes ist die Google Inc., 1600 Amphitheatre Parkway Mountain View, CA 94043, USA.<\/p>\t\t\t\t\t\t\t\t<\/div>\n\t\t\t\t<\/div>\n\t\t\t\t<div class=\"elementor-element elementor-element-2c4d2ef elementor-widget elementor-widget-text-editor\" data-id=\"2c4d2ef\" data-element_type=\"widget\" data-widget_type=\"text-editor.default\">\n\t\t\t\t<div class=\"elementor-widget-container\">\n\t\t\t\t\t\t\t\t\t<h4>Datenschutzerkl\u00e4rung f\u00fcr die Nutzung von Social Media Funktionen<\/h4><p>Auf unseren Seiten sind keine Social Media Funktionen eingebunden.<\/p>\t\t\t\t\t\t\t\t<\/div>\n\t\t\t\t<\/div>\n\t\t\t\t<div class=\"elementor-element elementor-element-66c9b8f elementor-widget elementor-widget-text-editor\" data-id=\"66c9b8f\" data-element_type=\"widget\" data-widget_type=\"text-editor.default\">\n\t\t\t\t<div class=\"elementor-widget-container\">\n\t\t\t\t\t\t\t\t\t<h4>Betroffenenrechte<\/h4><p>Sie haben das Recht:<\/p><ul><li>gem\u00e4\u00df Art. 15 DSGVO Auskunft \u00fcber Ihre von uns verarbeiteten personenbezogenen Daten zu verlangen. Insbesondere k\u00f6nnen Sie Auskunft \u00fcber die Verarbeitungszwecke, die Kategorie der personenbezogenen Daten, die Kategorien von Empf\u00e4ngern, gegen\u00fcber denen Ihre Daten offengelegt wurden oder werden, die geplante Speicherdauer, das Bestehen eines Rechts auf Berichtigung, L\u00f6schung, Einschr\u00e4nkung der Verarbeitung oder Widerspruch, das Bestehen eines Beschwerderechts, die Herkunft ihrer Daten, sofern diese nicht bei uns erhoben wurden, sowie \u00fcber das Bestehen einer automatisierten Entscheidungsfindung einschlie\u00dflich Profiling und ggf. aussagekr\u00e4ftigen Informationen zu deren Einzelheiten verlangen;<\/li><li>gem\u00e4\u00df Art. 16 DSGVO unverz\u00fcglich die Berichtigung unrichtiger oder Vervollst\u00e4ndigung Ihrer bei uns gespeicherten personenbezogenen Daten zu verlangen;<\/li><li>gem\u00e4\u00df Art. 17 DSGVO die L\u00f6schung Ihrer bei uns gespeicherten personenbezogenen Daten zu verlangen, soweit nicht die Verarbeitung zur Aus\u00fcbung des Rechts auf freie Meinungs\u00e4u\u00dferung und Information, zur Erf\u00fcllung einer rechtlichen Verpflichtung, aus Gr\u00fcnden des \u00f6ffentlichen Interesses oder zur Geltendmachung, Aus\u00fcbung oder Verteidigung von Rechtsanspr\u00fcchen erforderlich ist;<\/li><li>gem\u00e4\u00df Art. 18 DSGVO die Einschr\u00e4nkung der Verarbeitung Ihrer personenbezogenen Daten zu verlangen, soweit die Richtigkeit der Daten von Ihnen bestritten wird, die Verarbeitung unrechtm\u00e4\u00dfig ist, Sie aber deren L\u00f6schung ablehnen und wir die Daten nicht mehr ben\u00f6tigen, Sie jedoch diese zur Geltendmachung, Aus\u00fcbung oder Verteidigung von Rechtsanspr\u00fcchen ben\u00f6tigen oder Sie gem\u00e4\u00df Art. 21 DSGVO Widerspruch gegen die Verarbeitung eingelegt haben;<\/li><li>gem\u00e4\u00df Art. 20 DSGVO Ihre personenbezogenen Daten, die Sie uns bereitgestellt haben, in einem strukturierten, g\u00e4ngigen und maschinenlesebaren Format zu erhalten oder die \u00dcbermittlung an einen anderen Verantwortlichen zu verlangen;<\/li><li>gem\u00e4\u00df Art. 7 Abs. 3 DSGVO Ihre einmal erteilte Einwilligung jederzeit gegen\u00fcber uns zu widerrufen. Dies hat zur Folge, dass wir die Datenverarbeitung, die auf dieser Einwilligung beruhte, f\u00fcr die Zukunft nicht mehr fortf\u00fchren d\u00fcrfen und<\/li><li>gem\u00e4\u00df Art. 77 DSGVO sich bei einer Aufsichtsbeh\u00f6rde zu beschweren. In der Regel k\u00f6nnen Sie sich hierf\u00fcr an die Aufsichtsbeh\u00f6rde Ihres \u00fcblichen Aufenthaltsortes oder Arbeitsplatzes oder unseres Sitzes wenden.<\/li><\/ul>\t\t\t\t\t\t\t\t<\/div>\n\t\t\t\t<\/div>\n\t\t\t\t<div class=\"elementor-element elementor-element-46ef024 elementor-widget elementor-widget-text-editor\" data-id=\"46ef024\" data-element_type=\"widget\" data-widget_type=\"text-editor.default\">\n\t\t\t\t<div class=\"elementor-widget-container\">\n\t\t\t\t\t\t\t\t\t<h4>Widerspruchsrecht<\/h4><p>Sofern Ihre personenbezogenen Daten auf Grundlage von berechtigten Interessen gem\u00e4\u00df Art. 6 Abs. 1 S. 1 lit. f DSGVO verarbeitet werden, haben Sie das Recht, gem\u00e4\u00df Art. 21 DSGVO Widerspruch gegen die Verarbeitung Ihrer personenbezogenen Daten einzulegen, soweit daf\u00fcr Gr\u00fcnde vorliegen, die sich aus Ihrer besonderen Situation ergeben oder sich der Widerspruch gegen Direktwerbung richtet. Im letzteren Fall haben Sie ein generelles Widerspruchsrecht, das ohne Angabe einer besonderen Situation von uns umgesetzt wird.<\/p>\t\t\t\t\t\t\t\t<\/div>\n\t\t\t\t<\/div>\n\t\t\t\t<div class=\"elementor-element elementor-element-4dbf361 elementor-widget elementor-widget-text-editor\" data-id=\"4dbf361\" data-element_type=\"widget\" data-widget_type=\"text-editor.default\">\n\t\t\t\t<div class=\"elementor-widget-container\">\n\t\t\t\t\t\t\t\t\t<h4>Datenspeicherung (Bewerbermanagement)<\/h4><p>Ihre Bewerbung wird bis zu 6 Monate von uns gespeichert. Sollten Sie ihre Bewerbung zur\u00fcckziehen oder Ihre Bewerbung unsererseits unber\u00fccksichtigt bleiben, werden wir Ihre Daten selbstverst\u00e4ndlich zeitnah l\u00f6schen.<\/p><p>Folgt Ihrer Bewerbung der Abschluss eines Vertrages mit vanWylick, so werden Ihre Daten zum Zwecke des Organisations- und Verwaltungsprozesses und unter Beachtung der rechtlichen Vorschriften gespeichert und genutzt werden.<\/p>\t\t\t\t\t\t\t\t<\/div>\n\t\t\t\t<\/div>\n\t\t\t\t<div class=\"elementor-element elementor-element-8afda9e elementor-widget elementor-widget-text-editor\" data-id=\"8afda9e\" data-element_type=\"widget\" data-widget_type=\"text-editor.default\">\n\t\t\t\t<div class=\"elementor-widget-container\">\n\t\t\t\t\t\t\t\t\t<h4>Datenschutzbeauftragter und Kontakt<\/h4><p>Den unserseits bestellten Datenschutzbeauftragten erreichen Sie unter <a class=\"mail\" href=\"datenschutz--at--vanwylick.de\" rel=\"nofollow\">datenschutz&#8211;at&#8211;vanwylick.de<\/a>.<\/p><h6>Fruchtimport vanWylick GmbH<\/h6><p>Industriestr. 16 | 50735 K\u00f6ln<br \/>Telefon <a href=\"tel:+4921165032570\">+49 (0)221 65032-570<\/a><br \/><a class=\"mail\" href=\"info--at--vanwylick.de\" rel=\"nofollow\">info&#8211;at&#8211;vanwylick.de<\/a> | <a href=\"https:\/\/www.vanwylick.de\">www.vanwylick.de<\/a><\/p>\t\t\t\t\t\t\t\t<\/div>\n\t\t\t\t<\/div>\n\t\t\t\t<div class=\"elementor-element elementor-element-f35bdd4 elementor-widget elementor-widget-text-editor\" data-id=\"f35bdd4\" data-element_type=\"widget\" data-widget_type=\"text-editor.default\">\n\t\t\t\t<div class=\"elementor-widget-container\">\n\t\t\t\t\t\t\t\t\t<p>Stand: Mai 2018<\/p>\t\t\t\t\t\t\t\t<\/div>\n\t\t\t\t<\/div>\n\t\t\t\t<div class=\"elementor-element elementor-element-4ad0c66 elementor-widget elementor-widget-heading\" data-id=\"4ad0c66\" data-element_type=\"widget\" data-widget_type=\"heading.default\">\n\t\t\t\t<div class=\"elementor-widget-container\">\n\t\t\t\t\t<p class=\"default elementor-heading-title elementor-size-default\">&#169;&nbsp;2026<\/br>Fruchtimport vanWylick GmbH<\/p>\t\t\t\t<\/div>\n\t\t\t\t<\/div>\n\t\t\t\t\t<\/div>\n\t\t<\/div>\n\t\t\t\t\t<\/div>\n\t\t<\/section>\n\t\t\t\t<div class=\"elementor-element elementor-element-7b042f2 sea3-spacer-l elementor-widget elementor-widget-sea3-spacer\" data-id=\"7b042f2\" data-element_type=\"widget\" data-widget_type=\"sea3-spacer.default\">\n\t\t\t\t<div class=\"elementor-widget-container\">\n\t\t\t\t\t        <div class=\"sea3-elementor-spacer elementor-spacer\">\n            <div class=\"sea3-elementor-spacer-inner elementor-spacer-inner\"><\/div>\n        <\/div>\n        \t\t\t\t<\/div>\n\t\t\t\t<\/div>\n\t\t\t\t\t<\/div>\n\t\t<\/div>\n\t\t\t\t<div class=\"elementor-column elementor-col-33 elementor-top-column elementor-element elementor-element-23f19e4\" data-id=\"23f19e4\" data-element_type=\"column\">\n\t\t\t<div class=\"elementor-widget-wrap\">\n\t\t\t\t\t\t\t<\/div>\n\t\t<\/div>\n\t\t\t\t\t<\/div>\n\t\t<\/section>\n\t\t\t\t<\/div>\n\t\t","protected":false},"excerpt":{"rendered":"<p>Datenschutzerkl\u00e4rung Wir nehmen den Schutz Ihrer pers\u00f6nlichen Daten sehr ernst. Wir behandeln Ihre personenbezogenen Daten vertraulich und entsprechend der gesetzlichen Datenschutzvorschriften, der Datenschutz-Grundverordnung (EU-DSGVO) sowie dieser Datenschutzerkl\u00e4rung. Soweit m\u00f6glich, vermeiden wir das Erheben personenbezogener Daten im Rahmen unserer Gesch\u00e4ftst\u00e4tigkeit, so auch beim Betrieb dieser Webseite. Die Nutzung unserer Webseite ist grunds\u00e4tzlich ohne Angabe personenbezogener Daten [&hellip;]<\/p>\n","protected":false},"author":1,"featured_media":0,"parent":0,"menu_order":12,"comment_status":"closed","ping_status":"closed","template":"","meta":{"_seopress_robots_primary_cat":"","_seopress_titles_title":"","_seopress_titles_desc":"","_seopress_robots_index":"","footnotes":""},"class_list":["post-2103","page","type-page","status-publish","hentry"],"_links":{"self":[{"href":"https:\/\/www.vanwylick.de\/de\/wp-json\/wp\/v2\/pages\/2103","targetHints":{"allow":["GET"]}}],"collection":[{"href":"https:\/\/www.vanwylick.de\/de\/wp-json\/wp\/v2\/pages"}],"about":[{"href":"https:\/\/www.vanwylick.de\/de\/wp-json\/wp\/v2\/types\/page"}],"author":[{"embeddable":true,"href":"https:\/\/www.vanwylick.de\/de\/wp-json\/wp\/v2\/users\/1"}],"replies":[{"embeddable":true,"href":"https:\/\/www.vanwylick.de\/de\/wp-json\/wp\/v2\/comments?post=2103"}],"version-history":[{"count":2,"href":"https:\/\/www.vanwylick.de\/de\/wp-json\/wp\/v2\/pages\/2103\/revisions"}],"predecessor-version":[{"id":2112,"href":"https:\/\/www.vanwylick.de\/de\/wp-json\/wp\/v2\/pages\/2103\/revisions\/2112"}],"wp:attachment":[{"href":"https:\/\/www.vanwylick.de\/de\/wp-json\/wp\/v2\/media?parent=2103"}],"curies":[{"name":"wp","href":"https:\/\/api.w.org\/{rel}","templated":true}]}}