{"id":2080,"date":"2021-04-23T15:40:41","date_gmt":"2021-04-23T13:40:41","guid":{"rendered":"https:\/\/p-gccz55.project.space\/?page_id=2080"},"modified":"2024-03-19T14:47:53","modified_gmt":"2024-03-19T13:47:53","slug":"agb","status":"publish","type":"page","link":"https:\/\/www.vanwylick.de\/de\/agb\/","title":{"rendered":"AGB"},"content":{"rendered":"\t\t<div data-elementor-type=\"wp-page\" data-elementor-id=\"2080\" class=\"elementor elementor-2080\" data-elementor-post-type=\"page\">\n\t\t\t\t\t\t<section class=\"elementor-section elementor-top-section elementor-element elementor-element-e923a00 elementor-section-boxed elementor-section-height-default elementor-section-height-default\" data-id=\"e923a00\" data-element_type=\"section\">\n\t\t\t\t\t\t<div class=\"elementor-container elementor-column-gap-default\">\n\t\t\t\t\t<div class=\"elementor-column elementor-col-66 elementor-top-column elementor-element elementor-element-f47a9cc\" data-id=\"f47a9cc\" data-element_type=\"column\">\n\t\t\t<div class=\"elementor-widget-wrap elementor-element-populated\">\n\t\t\t\t\t\t<div class=\"elementor-element elementor-element-b3fa9ac sea3-spacer-l elementor-widget elementor-widget-sea3-spacer\" data-id=\"b3fa9ac\" data-element_type=\"widget\" data-widget_type=\"sea3-spacer.default\">\n\t\t\t\t<div class=\"elementor-widget-container\">\n\t\t\t\t\t        <div class=\"sea3-elementor-spacer elementor-spacer\">\n            <div class=\"sea3-elementor-spacer-inner elementor-spacer-inner\"><\/div>\n        <\/div>\n        \t\t\t\t<\/div>\n\t\t\t\t<\/div>\n\t\t\t\t<div class=\"elementor-element elementor-element-f9dd24c elementor-widget elementor-widget-heading\" data-id=\"f9dd24c\" data-element_type=\"widget\" data-widget_type=\"heading.default\">\n\t\t\t\t<div class=\"elementor-widget-container\">\n\t\t\t\t\t<h1 class=\"default elementor-heading-title elementor-size-default\">Verkaufs- und Lieferbedingungen der Fruchtimport vanWylick GmbH und der vanWylick Frischeplattform West GmbH<\/h1>\t\t\t\t<\/div>\n\t\t\t\t<\/div>\n\t\t\t\t<section class=\"elementor-section elementor-inner-section elementor-element elementor-element-8d92370 elementor-section-boxed elementor-section-height-default elementor-section-height-default\" data-id=\"8d92370\" data-element_type=\"section\">\n\t\t\t\t\t\t<div class=\"elementor-container elementor-column-gap-default\">\n\t\t\t\t\t<div class=\"elementor-column elementor-col-100 elementor-inner-column elementor-element elementor-element-fd6efec\" data-id=\"fd6efec\" data-element_type=\"column\">\n\t\t\t<div class=\"elementor-widget-wrap elementor-element-populated\">\n\t\t\t\t\t\t<div class=\"elementor-element elementor-element-5d53112 elementor-widget elementor-widget-text-editor\" data-id=\"5d53112\" data-element_type=\"widget\" data-widget_type=\"text-editor.default\">\n\t\t\t\t<div class=\"elementor-widget-container\">\n\t\t\t\t\t\t\t\t\t<h4>1. Geltungsbereich<\/h4><p>1.1. Diese Bedingungen gelten f\u00fcr alle gegenw\u00e4rtigen und zuk\u00fcnftigen Gesch\u00e4ftsbeziehungen. Entgegenstehende oder abweichende Bedingungen des K\u00e4ufers werden nicht anerkannt. Alle Vereinbarungen, die zwischen uns und dem K\u00e4ufer zwecks Ausf\u00fchrung dieses Vertrags getroffen werden, sind schriftlich nieder zu legen.<\/p><p>1.2. Erg\u00e4nzend zu den nachstehenden Bedingungen gelten im Handelsverkehr mit Obst und Gem\u00fcse die COFREUROP-Bedingungen, soweit sie nicht durch die nachstehenden Bedingungen abge\u00e4ndert oder erg\u00e4nzt werden. Die nachstehenden Bedingungen gehen in jedem Fall vor. Die COFREUROP-Bedingungen k\u00f6nnen Sie selbstverst\u00e4ndlich bei uns anfordern.<\/p>\t\t\t\t\t\t\t\t<\/div>\n\t\t\t\t<\/div>\n\t\t\t\t<div class=\"elementor-element elementor-element-e68fd54 elementor-widget elementor-widget-text-editor\" data-id=\"e68fd54\" data-element_type=\"widget\" data-widget_type=\"text-editor.default\">\n\t\t\t\t<div class=\"elementor-widget-container\">\n\t\t\t\t\t\t\t\t\t<h4>2. Angebote \u2013 Vertragsschluss<\/h4><p>Unser Angebot ist frei bleibend, sofern sich aus dem Inhalt des Angebotes nichts anderes ergibt.<\/p>\t\t\t\t\t\t\t\t<\/div>\n\t\t\t\t<\/div>\n\t\t\t\t<div class=\"elementor-element elementor-element-8013dcc elementor-widget elementor-widget-text-editor\" data-id=\"8013dcc\" data-element_type=\"widget\" data-widget_type=\"text-editor.default\">\n\t\t\t\t<div class=\"elementor-widget-container\">\n\t\t\t\t\t\t\t\t\t<h4>3. Preise \u2013 Zahlungsbedingungen<\/h4><p>3.1. Die Preise verstehen sich ab Lager oder Verkaufsfahrzeug und sind zahlbar netto Kasse ohne jeden Abzug bei Erhalt der Rechnung. Werden Zahlungen gestundet oder sp\u00e4ter als vereinbart geleistet, so werden f\u00fcr die Zwischenzeit Zinsen in H\u00f6he von 8 % \u00fcber dem jeweiligen Basiszins berechnet, ohne dass es einer besonderen Inverzugsetzung bedarf. Die Geltendmachung eines weitergehenden Schadens bleibt vorbehalten.<\/p><p>3.2. Verschlechterung der Zahlungsf\u00e4higkeit des K\u00e4ufers oder die Nichteinhaltung der vereinbarten Zahlungsbedingungen berechtigen uns zu deren Ab\u00e4nderung.<\/p><p>3.3. Aufrechnungsrechte stehen dem K\u00e4ufer nur zu, wenn seine Gegenanspr\u00fcche rechtskr\u00e4ftig festgestellt, unbestritten oder von uns anerkannt sind. Zur Aus\u00fcbung eines Zur\u00fcckbehaltungsrechts ist er nur insoweit befugt, als sein Gegenanspruch auf dem gleichen Vertragsverh\u00e4ltnis beruht.<\/p><p>3.4. Schecks werden nur zahlungshalber entgegengenommen.<\/p>\t\t\t\t\t\t\t\t<\/div>\n\t\t\t\t<\/div>\n\t\t\t\t<div class=\"elementor-element elementor-element-aa2f06a elementor-widget elementor-widget-text-editor\" data-id=\"aa2f06a\" data-element_type=\"widget\" data-widget_type=\"text-editor.default\">\n\t\t\t\t<div class=\"elementor-widget-container\">\n\t\t\t\t\t\t\t\t\t<h4>4. Liefer- und Leistungszeit<\/h4><p>4.1. Alle Lieferungen erfolgen nur ab Lager. Versendung an den K\u00e4ufer erfolgt nur auf dessen Gefahr und Kosten. Die Verpackung und der Versand erfolgen nach unserem Ermessen, jedoch ohne Verantwortung.<\/p><p>4.2. Liefer- und Leistungsverz\u00f6gerungen aufgrund h\u00f6herer Gewalt und aufgrund von Ereignissen, die uns die Lieferung wegen von uns nicht zu vertretenden Gr\u00fcnden nicht nur vor\u00fcbergehend wesentlich erschweren oder unm\u00f6glich machen, haben wir auch bei verbindlich vereinbarten Fristen und Terminen nicht zu vertreten.<\/p><p>4.3. Wir sind zu Tellieferungen und Teilleistungen jederzeit berechtigt, es sei denn, die Teillieferung oder Teilleistung ist f\u00fcr den K\u00e4ufer nicht von Interesse.<\/p>\t\t\t\t\t\t\t\t<\/div>\n\t\t\t\t<\/div>\n\t\t\t\t<div class=\"elementor-element elementor-element-dde1aa9 elementor-widget elementor-widget-text-editor\" data-id=\"dde1aa9\" data-element_type=\"widget\" data-widget_type=\"text-editor.default\">\n\t\t\t\t<div class=\"elementor-widget-container\">\n\t\t\t\t\t\t\t\t\t<h4>5. Gefahren\u00fcbergang<\/h4><p>Die Gefahr geht auf den K\u00e4ufer \u00fcber, sobald die Sendung an die den Transport ausf\u00fchrende Person \u00fcbergeben worden ist oder zwecks Versendung das Lager des Verk\u00e4ufers verlassen hat. Wird der Versand auf Wunsch des K\u00e4ufers verz\u00f6gert, geht die Gefahr mit der Meldung der Versandbereitschaft auf ihn \u00fcber.<\/p>\t\t\t\t\t\t\t\t<\/div>\n\t\t\t\t<\/div>\n\t\t\t\t<div class=\"elementor-element elementor-element-bf25994 elementor-widget elementor-widget-text-editor\" data-id=\"bf25994\" data-element_type=\"widget\" data-widget_type=\"text-editor.default\">\n\t\t\t\t<div class=\"elementor-widget-container\">\n\t\t\t\t\t\t\t\t\t<h4>6. Eigentumsvorbehalt<\/h4><p>6.1. Die gelieferten Waren bleiben unser Eigentum, bis unsere s\u00e4mtlichen Forderungen gegen den K\u00e4ufer aus der Gesch\u00e4ftsverbindung, einschlie\u00dflich der k\u00fcnftig entstehenden Forderungen auch aus gleichzeitig oder sp\u00e4ter abgeschlossenen Vertr\u00e4gen, beglichen sind. Das gilt auch dann, wenn einzelne oder s\u00e4mtliche Forderungen des Verk\u00e4ufers in eine laufende Rechnung aufgenommen wurden und der Saldo gezogen und anerkannt ist.<\/p><p>6.2. Der K\u00e4ufer ist zur Weiterver\u00e4u\u00dferung der Vorbehaltsware im ordnungsgem\u00e4\u00dfen Gesch\u00e4ftsgang berechtigt. Er tritt uns bereits jetzt sicherungshalber alle Forderungen ab, die ihm aus der Weiterver\u00e4u\u00dferung gegen Abnehmer oder gegen Dritte erwachsen. Der Verk\u00e4ufer nimmt die Abtretung an. Zur Einziehung dieser Forderungen ist der K\u00e4ufer auch nach Abtretung erm\u00e4chtigt. Der Verk\u00e4ufer kann verlangen, dass der K\u00e4ufer ihm die abgetretenen Forderungen und deren Schuldner bekannt gibt, alle zum Einzug erforderlichen Angaben macht, die dazu geh\u00f6rigen Unterlagen aush\u00e4ndigt und den Schuldnern die Abtretung mitteilt.<\/p>\t\t\t\t\t\t\t\t<\/div>\n\t\t\t\t<\/div>\n\t\t\t\t<div class=\"elementor-element elementor-element-7bed551 elementor-widget elementor-widget-text-editor\" data-id=\"7bed551\" data-element_type=\"widget\" data-widget_type=\"text-editor.default\">\n\t\t\t\t<div class=\"elementor-widget-container\">\n\t\t\t\t\t\t\t\t\t<h4>7. M\u00e4ngel<\/h4><p>7.1. M\u00e4ngelanspr\u00fcche des K\u00e4ufers setzen voraus, dass dieser seinen nach \u00a7 377 HGB geschuldeten Untersuchungs- und R\u00fcgeobliegenheiten ordnungsgem\u00e4\u00df nachgekommen ist.<\/p><p>7.2. Der K\u00e4ufer muss uns M\u00e4ngel unverz\u00fcglich nach Eingang der Ware schriftlich mitteilen. Dies gilt auch f\u00fcr Bruch und Fehlmengen. M\u00e4ngel, die auch bei sorgf\u00e4ltiger Pr\u00fcfung innerhalb dieser Frist nicht entdeckt werden k\u00f6nnen, sind uns unverz\u00fcglich nach der Entdeckung schriftlich mitzuteilen.<\/p><p>7.3. Schl\u00e4gt die Nacherf\u00fcllung fehl, so ist der K\u00e4ufer nach seiner Wahl berechtigt, R\u00fccktritt oder Minderung zu verlangen.<\/p><p>7.4. Anspr\u00fcche wegen M\u00e4ngeln gegen uns stehen nur dem unmittelbaren K\u00e4ufer zu.<\/p><p>7.5. Die Verj\u00e4hrungsfrist f\u00fcr M\u00e4ngelanspr\u00fcche betr\u00e4gt 12 Monate, gerechnet nach Gefahren\u00fcbergang. Die Verj\u00e4hrungsfrist im Fall des Lieferregresses nach den \u00a7\u00a7 478, 479 BGB bleibt unber\u00fchrt.<\/p>\t\t\t\t\t\t\t\t<\/div>\n\t\t\t\t<\/div>\n\t\t\t\t<div class=\"elementor-element elementor-element-0db5236 elementor-widget elementor-widget-text-editor\" data-id=\"0db5236\" data-element_type=\"widget\" data-widget_type=\"text-editor.default\">\n\t\t\t\t<div class=\"elementor-widget-container\">\n\t\t\t\t\t\t\t\t\t<h4>8. Haftung<\/h4><p>Unsere Haftung auf Schadenersatz, gleich aus welchem Rechtsgrund, ist, soweit es dabei auf ein Verschulden ankommt, f\u00fcr Sachsch\u00e4den und daraus resultierende weitere Verm\u00f6genssch\u00e4den auf die H\u00f6he des Warenwerts beschr\u00e4nkt, auch wenn es sich um eine Verletzung vertragswesentlicher Pflichten handelt. Dies gilt nicht f\u00fcr Anspr\u00fcche wegen vors\u00e4tzlichen Verhaltens, f\u00fcr garantierte Beschaffenheitsmerkmale, f\u00fcr zwingende Haftung nach dem Produkthaftungsgesetz sowie wegen Verletzung des Lebens, des K\u00f6rpers oder der Gesundheit.<\/p>\t\t\t\t\t\t\t\t<\/div>\n\t\t\t\t<\/div>\n\t\t\t\t<div class=\"elementor-element elementor-element-2c4d2ef elementor-widget elementor-widget-text-editor\" data-id=\"2c4d2ef\" data-element_type=\"widget\" data-widget_type=\"text-editor.default\">\n\t\t\t\t<div class=\"elementor-widget-container\">\n\t\t\t\t\t\t\t\t\t<h4>9. Gerichtsstand I Schlussbestimmungen<\/h4><p>9.1. F\u00fcr diese Gesch\u00e4ftsbedingungen und die gesamte Rechtsbeziehung zwischen uns und dem K\u00e4ufer gilt das Recht der Bundesrepublik Deutschland. Die Bestimmungen des UN-Kaufrechts finden keine Anwendung<\/p><p>9.2. Soweit der K\u00e4ufer Kaufmann, juristische Person des \u00f6ffentlichen Rechts oder \u00f6ffentlich-rechtliches Sonderverm\u00f6gen ist, ist D\u00fcsseldorf ausschlie\u00dflicher Gerichtsstand f\u00fcr alle sich aus dem Vertragsverh\u00e4ltnis unmittelbar oder mittelbar ergebenden Streitigkeiten.<\/p><p>9.3. Sollte eine Bestimmung in diesen Gesch\u00e4ftsbedingungen oder eine Bestimmung im Rahmen sonstiger Vereinbarungen unwirksam sein oder werden, so wird hiervon die Wirksamkeit aller sonstigen Bestimmungen oder Vereinbarungen nicht ber\u00fchrt.<\/p>\t\t\t\t\t\t\t\t<\/div>\n\t\t\t\t<\/div>\n\t\t\t\t<div class=\"elementor-element elementor-element-f35bdd4 elementor-widget elementor-widget-text-editor\" data-id=\"f35bdd4\" data-element_type=\"widget\" data-widget_type=\"text-editor.default\">\n\t\t\t\t<div class=\"elementor-widget-container\">\n\t\t\t\t\t\t\t\t\t<p>Stand: M\u00e4rz 2013<\/p>\t\t\t\t\t\t\t\t<\/div>\n\t\t\t\t<\/div>\n\t\t\t\t\t<\/div>\n\t\t<\/div>\n\t\t\t\t\t<\/div>\n\t\t<\/section>\n\t\t\t\t<div class=\"elementor-element elementor-element-7b042f2 sea3-spacer-l elementor-widget elementor-widget-sea3-spacer\" data-id=\"7b042f2\" data-element_type=\"widget\" data-widget_type=\"sea3-spacer.default\">\n\t\t\t\t<div class=\"elementor-widget-container\">\n\t\t\t\t\t        <div class=\"sea3-elementor-spacer elementor-spacer\">\n            <div class=\"sea3-elementor-spacer-inner elementor-spacer-inner\"><\/div>\n        <\/div>\n        \t\t\t\t<\/div>\n\t\t\t\t<\/div>\n\t\t\t\t\t<\/div>\n\t\t<\/div>\n\t\t\t\t<div class=\"elementor-column elementor-col-33 elementor-top-column elementor-element elementor-element-23f19e4\" data-id=\"23f19e4\" data-element_type=\"column\">\n\t\t\t<div class=\"elementor-widget-wrap\">\n\t\t\t\t\t\t\t<\/div>\n\t\t<\/div>\n\t\t\t\t\t<\/div>\n\t\t<\/section>\n\t\t\t\t<\/div>\n\t\t","protected":false},"excerpt":{"rendered":"<p>Verkaufs- und Lieferbedingungen der Fruchtimport vanWylick GmbH und der vanWylick Frischeplattform West GmbH 1. Geltungsbereich 1.1. Diese Bedingungen gelten f\u00fcr alle gegenw\u00e4rtigen und zuk\u00fcnftigen Gesch\u00e4ftsbeziehungen. Entgegenstehende oder abweichende Bedingungen des K\u00e4ufers werden nicht anerkannt. Alle Vereinbarungen, die zwischen uns und dem K\u00e4ufer zwecks Ausf\u00fchrung dieses Vertrags getroffen werden, sind schriftlich nieder zu legen. 1.2. Erg\u00e4nzend [&hellip;]<\/p>\n","protected":false},"author":1,"featured_media":0,"parent":0,"menu_order":13,"comment_status":"closed","ping_status":"closed","template":"","meta":{"_seopress_robots_primary_cat":"","_seopress_titles_title":"","_seopress_titles_desc":"","_seopress_robots_index":"","footnotes":""},"class_list":["post-2080","page","type-page","status-publish","hentry"],"_links":{"self":[{"href":"https:\/\/www.vanwylick.de\/de\/wp-json\/wp\/v2\/pages\/2080","targetHints":{"allow":["GET"]}}],"collection":[{"href":"https:\/\/www.vanwylick.de\/de\/wp-json\/wp\/v2\/pages"}],"about":[{"href":"https:\/\/www.vanwylick.de\/de\/wp-json\/wp\/v2\/types\/page"}],"author":[{"embeddable":true,"href":"https:\/\/www.vanwylick.de\/de\/wp-json\/wp\/v2\/users\/1"}],"replies":[{"embeddable":true,"href":"https:\/\/www.vanwylick.de\/de\/wp-json\/wp\/v2\/comments?post=2080"}],"version-history":[{"count":38,"href":"https:\/\/www.vanwylick.de\/de\/wp-json\/wp\/v2\/pages\/2080\/revisions"}],"predecessor-version":[{"id":3308,"href":"https:\/\/www.vanwylick.de\/de\/wp-json\/wp\/v2\/pages\/2080\/revisions\/3308"}],"wp:attachment":[{"href":"https:\/\/www.vanwylick.de\/de\/wp-json\/wp\/v2\/media?parent=2080"}],"curies":[{"name":"wp","href":"https:\/\/api.w.org\/{rel}","templated":true}]}}