{"id":1122,"date":"2021-03-03T18:19:52","date_gmt":"2021-03-03T17:19:52","guid":{"rendered":"https:\/\/p-gccz55.project.space\/?page_id=1122"},"modified":"2024-03-19T14:47:53","modified_gmt":"2024-03-19T13:47:53","slug":"news","status":"publish","type":"page","link":"https:\/\/www.vanwylick.de\/de\/news\/","title":{"rendered":"News"},"content":{"rendered":"\t\t<div data-elementor-type=\"wp-page\" data-elementor-id=\"1122\" class=\"elementor elementor-1122\" data-elementor-post-type=\"page\">\n\t\t\t\t\t\t<section class=\"elementor-section elementor-top-section elementor-element elementor-element-00d6f3c elementor-section-full_width elementor-section-stretched elementor-section-height-default elementor-section-height-default\" data-id=\"00d6f3c\" data-element_type=\"section\" data-settings=\"{&quot;stretch_section&quot;:&quot;section-stretched&quot;,&quot;background_background&quot;:&quot;slideshow&quot;,&quot;background_slideshow_gallery&quot;:[{&quot;id&quot;:575,&quot;url&quot;:&quot;https:\\\/\\\/www.vanwylick.de\\\/wp-content\\\/uploads\\\/van_unternehmen_header.jpg&quot;}],&quot;shape_divider_bottom&quot;:&quot;waves&quot;,&quot;background_slideshow_loop&quot;:&quot;yes&quot;,&quot;background_slideshow_slide_duration&quot;:5000,&quot;background_slideshow_slide_transition&quot;:&quot;fade&quot;,&quot;background_slideshow_transition_duration&quot;:500}\">\n\t\t\t\t\t<div class=\"elementor-shape elementor-shape-bottom\" aria-hidden=\"true\" data-negative=\"false\">\n\t\t\t<svg xmlns=\"http:\/\/www.w3.org\/2000\/svg\" viewBox=\"0 0 1000 100\" preserveAspectRatio=\"none\">\n\t<path class=\"elementor-shape-fill\" d=\"M421.9,6.5c22.6-2.5,51.5,0.4,75.5,5.3c23.6,4.9,70.9,23.5,100.5,35.7c75.8,32.2,133.7,44.5,192.6,49.7\n\tc23.6,2.1,48.7,3.5,103.4-2.5c54.7-6,106.2-25.6,106.2-25.6V0H0v30.3c0,0,72,32.6,158.4,30.5c39.2-0.7,92.8-6.7,134-22.4\n\tc21.2-8.1,52.2-18.2,79.7-24.2C399.3,7.9,411.6,7.5,421.9,6.5z\"\/>\n<\/svg>\t\t<\/div>\n\t\t\t\t\t<div class=\"elementor-container elementor-column-gap-default\">\n\t\t\t\t\t<div class=\"elementor-column elementor-col-100 elementor-top-column elementor-element elementor-element-ff3ce8c\" data-id=\"ff3ce8c\" data-element_type=\"column\">\n\t\t\t<div class=\"elementor-widget-wrap elementor-element-populated\">\n\t\t\t\t\t\t<div class=\"elementor-element elementor-element-511e265 elementor-widget elementor-widget-spacer\" data-id=\"511e265\" data-element_type=\"widget\" data-widget_type=\"spacer.default\">\n\t\t\t\t<div class=\"elementor-widget-container\">\n\t\t\t\t\t\t\t<div class=\"elementor-spacer\">\n\t\t\t<div class=\"elementor-spacer-inner\"><\/div>\n\t\t<\/div>\n\t\t\t\t\t\t<\/div>\n\t\t\t\t<\/div>\n\t\t\t\t\t<\/div>\n\t\t<\/div>\n\t\t\t\t\t<\/div>\n\t\t<\/section>\n\t\t\t\t<section class=\"elementor-section elementor-top-section elementor-element elementor-element-5011a95 elementor-section-boxed elementor-section-height-default elementor-section-height-default\" data-id=\"5011a95\" data-element_type=\"section\">\n\t\t\t\t\t\t<div class=\"elementor-container elementor-column-gap-default\">\n\t\t\t\t\t<div class=\"elementor-column elementor-col-33 elementor-top-column elementor-element elementor-element-e9d2f95\" data-id=\"e9d2f95\" data-element_type=\"column\">\n\t\t\t<div class=\"elementor-widget-wrap elementor-element-populated\">\n\t\t\t\t\t\t<div class=\"elementor-element elementor-element-1b1ec84 elementor-widget elementor-widget-text-editor\" data-id=\"1b1ec84\" data-element_type=\"widget\" data-widget_type=\"text-editor.default\">\n\t\t\t\t<div class=\"elementor-widget-container\">\n\t\t\t\t\t\t\t\t\t<h1>Aktivit\u00e4ten in unserem Unternehmen<\/h1><p><span style=\"color: #ffffff;\"><strong>Aktuelle Informationen<\/strong><\/span><\/p>\t\t\t\t\t\t\t\t<\/div>\n\t\t\t\t<\/div>\n\t\t\t\t\t<\/div>\n\t\t<\/div>\n\t\t\t\t<div class=\"elementor-column elementor-col-33 elementor-top-column elementor-element elementor-element-9dbab04\" data-id=\"9dbab04\" data-element_type=\"column\">\n\t\t\t<div class=\"elementor-widget-wrap\">\n\t\t\t\t\t\t\t<\/div>\n\t\t<\/div>\n\t\t\t\t<div class=\"elementor-column elementor-col-33 elementor-top-column elementor-element elementor-element-58312c5\" data-id=\"58312c5\" data-element_type=\"column\">\n\t\t\t<div class=\"elementor-widget-wrap\">\n\t\t\t\t\t\t\t<\/div>\n\t\t<\/div>\n\t\t\t\t\t<\/div>\n\t\t<\/section>\n\t\t\t\t<section class=\"elementor-section elementor-top-section elementor-element elementor-element-061feca elementor-section-boxed elementor-section-height-default elementor-section-height-default\" data-id=\"061feca\" data-element_type=\"section\">\n\t\t\t\t\t\t<div class=\"elementor-container elementor-column-gap-default\">\n\t\t\t\t\t<div class=\"elementor-column elementor-col-100 elementor-top-column elementor-element elementor-element-a50aed3\" data-id=\"a50aed3\" data-element_type=\"column\">\n\t\t\t<div class=\"elementor-widget-wrap elementor-element-populated\">\n\t\t\t\t\t\t<div class=\"elementor-element elementor-element-b16ec0e sea3-spacer-m sea3-spacer-tablet-m sea3-spacer-mobile-m elementor-widget elementor-widget-sea3-spacer\" data-id=\"b16ec0e\" data-element_type=\"widget\" data-widget_type=\"sea3-spacer.default\">\n\t\t\t\t<div class=\"elementor-widget-container\">\n\t\t\t\t\t        <div class=\"sea3-elementor-spacer elementor-spacer\">\n            <div class=\"sea3-elementor-spacer-inner elementor-spacer-inner\"><\/div>\n        <\/div>\n        \t\t\t\t<\/div>\n\t\t\t\t<\/div>\n\t\t\t\t<section class=\"elementor-section elementor-inner-section elementor-element elementor-element-54a13b4 elementor-section-boxed elementor-section-height-default elementor-section-height-default\" data-id=\"54a13b4\" data-element_type=\"section\">\n\t\t\t\t\t\t<div class=\"elementor-container elementor-column-gap-default\">\n\t\t\t\t\t<div class=\"elementor-column elementor-col-66 elementor-inner-column elementor-element elementor-element-0c901c3\" data-id=\"0c901c3\" data-element_type=\"column\">\n\t\t\t<div class=\"elementor-widget-wrap elementor-element-populated\">\n\t\t\t\t\t\t<div class=\"elementor-element elementor-element-5deccec elementor-widget elementor-widget-text-editor\" data-id=\"5deccec\" data-element_type=\"widget\" data-widget_type=\"text-editor.default\">\n\t\t\t\t<div class=\"elementor-widget-container\">\n\t\t\t\t\t\t\t\t\t<h2>Immer aktuell informiert<\/h2><p class=\"lead\"><strong>In unserem unternehmerischen Alltag achten wir stets auf einen sozialen Umgang mit und unter unseren Mitarbeiter:innen, sowie einen pflichtbewussten Umgang mit unserer Umwelt. Daher \u00fcbernehmen wir auch \u00fcber unsere Unternehmensgrenzen hinaus Verantwortung.<\/strong><\/p>\t\t\t\t\t\t\t\t<\/div>\n\t\t\t\t<\/div>\n\t\t\t\t\t<\/div>\n\t\t<\/div>\n\t\t\t\t<div class=\"elementor-column elementor-col-50 elementor-inner-column elementor-element elementor-element-e650e7c\" data-id=\"e650e7c\" data-element_type=\"column\">\n\t\t\t<div class=\"elementor-widget-wrap elementor-element-populated\">\n\t\t\t\t\t\t<div class=\"elementor-element elementor-element-f2a3aa4 elementor-widget elementor-widget-image\" data-id=\"f2a3aa4\" data-element_type=\"widget\" data-settings=\"{&quot;motion_fx_motion_fx_mouse&quot;:&quot;yes&quot;}\" data-widget_type=\"image.default\">\n\t\t\t\t<div class=\"elementor-widget-container\">\n\t\t\t\t\t\t\t\t\t\t\t\t\t\t\t<img fetchpriority=\"high\" decoding=\"async\" width=\"768\" height=\"588\" src=\"https:\/\/www.vanwylick.de\/wp-content\/uploads\/feigen_flache-768x588.jpg?v=1614081520\" class=\"attachment-medium_large size-medium_large wp-image-664\" alt=\"\" srcset=\"https:\/\/www.vanwylick.de\/wp-content\/uploads\/feigen_flache-768x588.jpg 768w, https:\/\/www.vanwylick.de\/wp-content\/uploads\/feigen_flache-480x368.jpg 480w, https:\/\/www.vanwylick.de\/wp-content\/uploads\/feigen_flache-1140x873.jpg 1140w, https:\/\/www.vanwylick.de\/wp-content\/uploads\/feigen_flache-150x115.jpg 150w, https:\/\/www.vanwylick.de\/wp-content\/uploads\/feigen_flache.jpg 1200w, https:\/\/www.vanwylick.de\/wp-content\/uploads\/feigen_flache-480x368@2x.jpg 960w, https:\/\/www.vanwylick.de\/wp-content\/uploads\/feigen_flache-150x115@2x.jpg 300w\" sizes=\"(max-width: 768px) 100vw, 768px\" \/>\t\t\t\t\t\t\t\t\t\t\t\t\t\t\t<\/div>\n\t\t\t\t<\/div>\n\t\t\t\t\t<\/div>\n\t\t<\/div>\n\t\t\t\t\t<\/div>\n\t\t<\/section>\n\t\t\t\t<div class=\"elementor-element elementor-element-12e466d sea3-spacer-l elementor-widget elementor-widget-sea3-spacer\" data-id=\"12e466d\" data-element_type=\"widget\" data-widget_type=\"sea3-spacer.default\">\n\t\t\t\t<div class=\"elementor-widget-container\">\n\t\t\t\t\t        <div class=\"sea3-elementor-spacer elementor-spacer\">\n            <div class=\"sea3-elementor-spacer-inner elementor-spacer-inner\"><\/div>\n        <\/div>\n        \t\t\t\t<\/div>\n\t\t\t\t<\/div>\n\t\t\t\t\t<\/div>\n\t\t<\/div>\n\t\t\t\t\t<\/div>\n\t\t<\/section>\n\t\t\t\t<section class=\"elementor-section elementor-top-section elementor-element elementor-element-4ef4db7 elementor-section-boxed elementor-section-height-default elementor-section-height-default\" data-id=\"4ef4db7\" data-element_type=\"section\">\n\t\t\t\t\t\t<div class=\"elementor-container elementor-column-gap-default\">\n\t\t\t\t\t<div class=\"elementor-column elementor-col-100 elementor-top-column elementor-element elementor-element-fd8873e\" data-id=\"fd8873e\" data-element_type=\"column\">\n\t\t\t<div class=\"elementor-widget-wrap elementor-element-populated\">\n\t\t\t\t\t\t<div class=\"elementor-element elementor-element-2c74153 elementor-grid-1 elementor-posts--thumbnail-left elementor-posts--align-left elementor-grid-tablet-1 elementor-grid-mobile-1 elementor-widget elementor-widget-posts\" data-id=\"2c74153\" data-element_type=\"widget\" data-settings=\"{&quot;classic_columns&quot;:&quot;1&quot;,&quot;classic_row_gap&quot;:{&quot;unit&quot;:&quot;px&quot;,&quot;size&quot;:60,&quot;sizes&quot;:[]},&quot;pagination_type&quot;:&quot;prev_next&quot;,&quot;classic_columns_tablet&quot;:&quot;1&quot;,&quot;classic_columns_mobile&quot;:&quot;1&quot;,&quot;classic_row_gap_tablet&quot;:{&quot;unit&quot;:&quot;px&quot;,&quot;size&quot;:&quot;&quot;,&quot;sizes&quot;:[]},&quot;classic_row_gap_mobile&quot;:{&quot;unit&quot;:&quot;px&quot;,&quot;size&quot;:&quot;&quot;,&quot;sizes&quot;:[]}}\" data-widget_type=\"posts.classic\">\n\t\t\t\t<div class=\"elementor-widget-container\">\n\t\t\t\t\t\t\t<div class=\"elementor-posts-container elementor-posts elementor-posts--skin-classic elementor-grid\" role=\"list\">\n\t\t\t\t<article class=\"elementor-post elementor-grid-item post-4157 post type-post status-publish format-standard hentry category-presseinformation\" role=\"listitem\">\n\t\t\t\t<div class=\"elementor-post__text\">\n\t\t\t\t<h3 class=\"elementor-post__title\">\n\t\t\t<a href=\"https:\/\/www.vanwylick.de\/de\/umfirmierung-der-vanwylick-frischeplattform-west-gmbh\/\" >\n\t\t\t\tUmfirmierung der vanWylick Frischeplattform West GmbH\t\t\t<\/a>\n\t\t<\/h3>\n\t\t\t\t<div class=\"elementor-post__meta-data\">\n\t\t\t\t\t<span class=\"elementor-post-date\">\n\t\t\t8. Januar 2026\t\t<\/span>\n\t\t\t\t<\/div>\n\t\t\t\t<div class=\"elementor-post__excerpt\">\n\t\t\t<p>Wir freuen uns, Ihnen mitteilen zu k\u00f6nnen, dass wir im Rahmen unserer Expansion einen weiteren Standort in S\u00fcddeutschland er\u00f6ffnen werden. In diesem Zusammenhang nehmen wir<\/p>\n\t\t<\/div>\n\t\t\n\t\t<a class=\"elementor-post__read-more\" href=\"https:\/\/www.vanwylick.de\/de\/umfirmierung-der-vanwylick-frischeplattform-west-gmbh\/\" aria-label=\"Mehr \u00fcber Umfirmierung der vanWylick Frischeplattform West GmbH\" tabindex=\"-1\" >\n\t\t\t&gt; Weiterlesen\t\t<\/a>\n\n\t\t\t\t<\/div>\n\t\t\t\t<\/article>\n\t\t\t\t<article class=\"elementor-post elementor-grid-item post-4136 post type-post status-publish format-standard hentry category-presseinformation\" role=\"listitem\">\n\t\t\t\t<div class=\"elementor-post__text\">\n\t\t\t\t<h3 class=\"elementor-post__title\">\n\t\t\t<a href=\"https:\/\/www.vanwylick.de\/de\/zertifizierung-nach-din-en-iso-50001-vanwylick-setzt-neuen-standard-bei-energieeffizienz\/\" >\n\t\t\t\tZertifizierung nach DIN EN ISO 50001: vanWylick setzt neuen Standard bei Energieeffizienz\t\t\t<\/a>\n\t\t<\/h3>\n\t\t\t\t<div class=\"elementor-post__meta-data\">\n\t\t\t\t\t<span class=\"elementor-post-date\">\n\t\t\t25. November 2025\t\t<\/span>\n\t\t\t\t<\/div>\n\t\t\t\t<div class=\"elementor-post__excerpt\">\n\t\t\t<p>Fruchtimport vanWylick freut sich sehr, dass unser Energiemanagementsystem erfolgreich nach ISO 50001 zertifiziert wurde. Dieser bedeutende Meilenstein spiegelt unser langj\u00e4hriges Engagement f\u00fcr Energieeffizienz, Nachhaltigkeit und<\/p>\n\t\t<\/div>\n\t\t\n\t\t<a class=\"elementor-post__read-more\" href=\"https:\/\/www.vanwylick.de\/de\/zertifizierung-nach-din-en-iso-50001-vanwylick-setzt-neuen-standard-bei-energieeffizienz\/\" aria-label=\"Mehr \u00fcber Zertifizierung nach DIN EN ISO 50001: vanWylick setzt neuen Standard bei Energieeffizienz\" tabindex=\"-1\" >\n\t\t\t&gt; Weiterlesen\t\t<\/a>\n\n\t\t\t\t<\/div>\n\t\t\t\t<\/article>\n\t\t\t\t<article class=\"elementor-post elementor-grid-item post-4068 post type-post status-publish format-standard hentry category-presseinformation\" role=\"listitem\">\n\t\t\t\t<div class=\"elementor-post__text\">\n\t\t\t\t<h3 class=\"elementor-post__title\">\n\t\t\t<a href=\"https:\/\/www.vanwylick.de\/de\/vanwylick-frischeplattform-setzt-expansionskurs-fort\/\" >\n\t\t\t\tvanWylick Frischeplattform setzt Expansionskurs fort\t\t\t<\/a>\n\t\t<\/h3>\n\t\t\t\t<div class=\"elementor-post__meta-data\">\n\t\t\t\t\t<span class=\"elementor-post-date\">\n\t\t\t27. Januar 2025\t\t<\/span>\n\t\t\t\t<\/div>\n\t\t\t\t<div class=\"elementor-post__excerpt\">\n\t\t\t<p>Die vanWylick Frischeplattform (Frischeplattform) kann ihren Expansionskurs erfolgreich fortsetzen. Im Rahmen der Ausschreibung von ALDI S\u00dcD f\u00fcr das Gebiet Bayern hat die Frischeplattform den Zuschlag<\/p>\n\t\t<\/div>\n\t\t\n\t\t<a class=\"elementor-post__read-more\" href=\"https:\/\/www.vanwylick.de\/de\/vanwylick-frischeplattform-setzt-expansionskurs-fort\/\" aria-label=\"Mehr \u00fcber vanWylick Frischeplattform setzt Expansionskurs fort\" tabindex=\"-1\" >\n\t\t\t&gt; Weiterlesen\t\t<\/a>\n\n\t\t\t\t<\/div>\n\t\t\t\t<\/article>\n\t\t\t\t<article class=\"elementor-post elementor-grid-item post-3801 post type-post status-publish format-standard hentry category-allgemein\" role=\"listitem\">\n\t\t\t\t<div class=\"elementor-post__text\">\n\t\t\t\t<h3 class=\"elementor-post__title\">\n\t\t\t<a href=\"https:\/\/www.vanwylick.de\/de\/eroeffnung-der-vanwylick-frischeplattform-west-gmbh\/\" >\n\t\t\t\tEr\u00f6ffnung der vanWylick Frischeplattform West GmbH\t\t\t<\/a>\n\t\t<\/h3>\n\t\t\t\t<div class=\"elementor-post__meta-data\">\n\t\t\t\t\t<span class=\"elementor-post-date\">\n\t\t\t5. M\u00e4rz 2024\t\t<\/span>\n\t\t\t\t<\/div>\n\t\t\t\t<div class=\"elementor-post__excerpt\">\n\t\t\t<p>Am 01. Mai 2023 hat die neu gegr\u00fcndete vanWylick Frischplattform West GmbH (Frischeplattform) mit Sitz in K\u00f6ln Niehl ihren operativen Betrieb gestartet. Hierzu hat die<\/p>\n\t\t<\/div>\n\t\t\n\t\t<a class=\"elementor-post__read-more\" href=\"https:\/\/www.vanwylick.de\/de\/eroeffnung-der-vanwylick-frischeplattform-west-gmbh\/\" aria-label=\"Mehr \u00fcber Er\u00f6ffnung der vanWylick Frischeplattform West GmbH\" tabindex=\"-1\" >\n\t\t\t&gt; Weiterlesen\t\t<\/a>\n\n\t\t\t\t<\/div>\n\t\t\t\t<\/article>\n\t\t\t\t<article class=\"elementor-post elementor-grid-item post-3767 post type-post status-publish format-standard hentry category-presseinformation\" role=\"listitem\">\n\t\t\t\t<div class=\"elementor-post__text\">\n\t\t\t\t<h3 class=\"elementor-post__title\">\n\t\t\t<a href=\"https:\/\/www.vanwylick.de\/de\/aufschaltung-der-solaranlage-in-muenchen-staerkt-die-energieautarkie\/\" >\n\t\t\t\tAufschaltung der Solaranlage in M\u00fcnchen st\u00e4rkt die Energieautarkie\t\t\t<\/a>\n\t\t<\/h3>\n\t\t\t\t<div class=\"elementor-post__meta-data\">\n\t\t\t\t\t<span class=\"elementor-post-date\">\n\t\t\t15. Januar 2024\t\t<\/span>\n\t\t\t\t<\/div>\n\t\t\t\t<div class=\"elementor-post__excerpt\">\n\t\t\t<p>Fruchtimport vanWylick ist stolz darauf, zum Jahreswechsel die Inbetriebnahme einer Solaranlage am Standort M\u00fcnchen bekannt geben zu k\u00f6nnen. Mit dieser Erweiterung schafft das Unternehmen einen<\/p>\n\t\t<\/div>\n\t\t\n\t\t<a class=\"elementor-post__read-more\" href=\"https:\/\/www.vanwylick.de\/de\/aufschaltung-der-solaranlage-in-muenchen-staerkt-die-energieautarkie\/\" aria-label=\"Mehr \u00fcber Aufschaltung der Solaranlage in M\u00fcnchen st\u00e4rkt die Energieautarkie\" tabindex=\"-1\" >\n\t\t\t&gt; Weiterlesen\t\t<\/a>\n\n\t\t\t\t<\/div>\n\t\t\t\t<\/article>\n\t\t\t\t<article class=\"elementor-post elementor-grid-item post-3532 post type-post status-publish format-standard hentry category-presseinformation\" role=\"listitem\">\n\t\t\t\t<div class=\"elementor-post__text\">\n\t\t\t\t<h3 class=\"elementor-post__title\">\n\t\t\t<a href=\"https:\/\/www.vanwylick.de\/de\/vanwylick-verstaerkt-zusammenarbeit-mit-foodsharing-und-tafel-deutschland\/\" >\n\t\t\t\tvanWylick verst\u00e4rkt Zusammenarbeit mit Foodsharing und Tafel Deutschland\t\t\t<\/a>\n\t\t<\/h3>\n\t\t\t\t<div class=\"elementor-post__meta-data\">\n\t\t\t\t\t<span class=\"elementor-post-date\">\n\t\t\t10. Juli 2023\t\t<\/span>\n\t\t\t\t<\/div>\n\t\t\t\t<div class=\"elementor-post__excerpt\">\n\t\t\t<p>Um der Lebensmittelverschwendung von frischem Obst und Gem\u00fcse entgegenzuwirken intensiviert Fruchtimport vanWylick die Zusammenarbeit mit Foodsharing und Tafel Deutschland. Diese gemeinn\u00fctzigen Organisationen setzen sich f\u00fcr<\/p>\n\t\t<\/div>\n\t\t\n\t\t<a class=\"elementor-post__read-more\" href=\"https:\/\/www.vanwylick.de\/de\/vanwylick-verstaerkt-zusammenarbeit-mit-foodsharing-und-tafel-deutschland\/\" aria-label=\"Mehr \u00fcber vanWylick verst\u00e4rkt Zusammenarbeit mit Foodsharing und Tafel Deutschland\" tabindex=\"-1\" >\n\t\t\t&gt; Weiterlesen\t\t<\/a>\n\n\t\t\t\t<\/div>\n\t\t\t\t<\/article>\n\t\t\t\t<\/div>\n\t\t\n\t\t\t\t<div class=\"e-load-more-anchor\" data-page=\"1\" data-max-page=\"3\" data-next-page=\"https:\/\/www.vanwylick.de\/de\/wp-json\/wp\/v2\/pages\/1122\/page\/2\/\"><\/div>\n\t\t\t\t<nav class=\"elementor-pagination\" aria-label=\"Seitennummerierung\">\n\t\t\t<span class=\"page-numbers prev\">&laquo; Voriger<\/span>\n<a class=\"page-numbers next\" href=\"https:\/\/www.vanwylick.de\/de\/wp-json\/wp\/v2\/pages\/1122\/page\/2\/\">N\u00e4chster &raquo;<\/a>\t\t<\/nav>\n\t\t\t\t\t\t<\/div>\n\t\t\t\t<\/div>\n\t\t\t\t<div class=\"elementor-element elementor-element-8c32dd0 sea3-spacer-l elementor-widget elementor-widget-sea3-spacer\" data-id=\"8c32dd0\" data-element_type=\"widget\" data-widget_type=\"sea3-spacer.default\">\n\t\t\t\t<div class=\"elementor-widget-container\">\n\t\t\t\t\t        <div class=\"sea3-elementor-spacer elementor-spacer\">\n            <div class=\"sea3-elementor-spacer-inner elementor-spacer-inner\"><\/div>\n        <\/div>\n        \t\t\t\t<\/div>\n\t\t\t\t<\/div>\n\t\t\t\t\t<\/div>\n\t\t<\/div>\n\t\t\t\t\t<\/div>\n\t\t<\/section>\n\t\t\t\t<\/div>\n\t\t","protected":false},"excerpt":{"rendered":"<p>Aktivit\u00e4ten in unserem Unternehmen Aktuelle Informationen Immer aktuell informiert In unserem unternehmerischen Alltag achten wir stets auf einen sozialen Umgang mit und unter unseren Mitarbeiter:innen, sowie einen pflichtbewussten Umgang mit unserer Umwelt. Daher \u00fcbernehmen wir auch \u00fcber unsere Unternehmensgrenzen hinaus Verantwortung.<\/p>\n","protected":false},"author":1,"featured_media":0,"parent":0,"menu_order":8,"comment_status":"closed","ping_status":"closed","template":"","meta":{"_seopress_robots_primary_cat":"","_seopress_titles_title":"Hilfe f\u00fcr Erdbebenopfer in der T\u00fcrkei und Syrien","_seopress_titles_desc":"Die Nachricht und die Bilder der Verw\u00fcstung, die das schwere Erdbeben seit dem 6. Februar in gro\u00dfen Teilen der T\u00fcrkei und Syriens angerichtet hat, sind schockierend.\r\n\r\nDas so viele Verletzte und Todesopfer zu beklagen sind, bewegt die gesamte vanWylick Gruppe! Insbesondere auch weil viele Kollegen*innen betroffen sind die Familie, Verwandte und Bekannte in den Gebieten haben. Ihnen allen gilt unser Mitgef\u00fchl in dieser Zeit. Bewegend ist aber auch zu erleben, wie viele Organisationen und Menschen l\u00e4nder- und kultur\u00fcbergreifend spontan direkt oder indirekt helfen.\r\n\r\nAls ein Zeichen der Anteilnahme und um den Menschen vor Ort schnell zu helfen, hat die Fruchtimport vanWylick GmbH EURO 10.000 an die ARD-Spenden-Aktion \u201eHilfe f\u00fcr Menschen in der T\u00fcrkei und in Syrien\u201c gespendet.","_seopress_robots_index":"","footnotes":""},"class_list":["post-1122","page","type-page","status-publish","hentry"],"_links":{"self":[{"href":"https:\/\/www.vanwylick.de\/de\/wp-json\/wp\/v2\/pages\/1122","targetHints":{"allow":["GET"]}}],"collection":[{"href":"https:\/\/www.vanwylick.de\/de\/wp-json\/wp\/v2\/pages"}],"about":[{"href":"https:\/\/www.vanwylick.de\/de\/wp-json\/wp\/v2\/types\/page"}],"author":[{"embeddable":true,"href":"https:\/\/www.vanwylick.de\/de\/wp-json\/wp\/v2\/users\/1"}],"replies":[{"embeddable":true,"href":"https:\/\/www.vanwylick.de\/de\/wp-json\/wp\/v2\/comments?post=1122"}],"version-history":[{"count":59,"href":"https:\/\/www.vanwylick.de\/de\/wp-json\/wp\/v2\/pages\/1122\/revisions"}],"predecessor-version":[{"id":3309,"href":"https:\/\/www.vanwylick.de\/de\/wp-json\/wp\/v2\/pages\/1122\/revisions\/3309"}],"wp:attachment":[{"href":"https:\/\/www.vanwylick.de\/de\/wp-json\/wp\/v2\/media?parent=1122"}],"curies":[{"name":"wp","href":"https:\/\/api.w.org\/{rel}","templated":true}]}}